{"id":967,"date":"2023-03-23T09:47:23","date_gmt":"2023-03-23T09:47:23","guid":{"rendered":"https:\/\/kalixlinjen.se\/?page_id=967"},"modified":"2024-10-21T13:14:27","modified_gmt":"2024-10-21T13:14:27","slug":"personlastterrangbil-903","status":"publish","type":"page","link":"https:\/\/kalixlinjen.se\/en\/personlastterrangbil-903\/","title":{"rendered":"Personnel all-terrain vehicle 903"},"content":{"rendered":"<div data-colibri-id=\"967-c1\" class=\"style-679 style-local-967-c1 position-relative\">\n  <!---->\n  <div data-colibri-component=\"section\" data-colibri-id=\"967-c2\" id=\"reusable-sections\" class=\"h-section h-section-global-spacing d-flex align-items-lg-center align-items-md-center align-items-center style-680 style-local-967-c2 position-relative\">\n    <!---->\n    <!---->\n    <div class=\"h-section-grid-container h-section-boxed-container\">\n      <div data-colibri-id=\"967-c18\" class=\"h-row-container gutters-row-lg-2 gutters-row-md-2 gutters-row-2 gutters-row-v-lg-2 gutters-row-v-md-2 gutters-row-v-2 style-694 style-local-967-c18 position-relative\">\n        <!---->\n        <div class=\"h-row justify-content-lg-center justify-content-md-center justify-content-center align-items-lg-stretch align-items-md-stretch align-items-stretch gutters-col-lg-2 gutters-col-md-2 gutters-col-2 gutters-col-v-lg-2 gutters-col-v-md-2 gutters-col-v-2\">\n          <!---->\n          <div class=\"h-column h-column-container d-flex h-col-lg-auto h-col-md-auto h-col-auto style-695-outer style-local-967-c19-outer\">\n            <div data-colibri-id=\"967-c19\" class=\"d-flex h-flex-basis h-column__inner h-px-lg-2 h-px-md-2 h-px-2 v-inner-lg-2 v-inner-md-2 v-inner-2 style-695 style-local-967-c19 position-relative\">\n              <!---->\n              <!---->\n              <div class=\"w-100 h-y-container h-column__content h-column__v-align flex-basis-100 align-self-lg-start align-self-md-start align-self-start\">\n                <!---->\n                <div data-colibri-id=\"967-c20\" class=\"h-global-transition-all h-heading style-696 style-local-967-c20 position-relative h-element\">\n                  <!---->\n                  <div class=\"h-heading__outer style-696 style-local-967-c20\">\n                    <!---->\n                    <!---->\n                    <h2 class=\"\">PLTGBIL 903 mt<\/h2>\n                  <\/div>\n                <\/div>\n                <div data-colibri-id=\"967-c22\" class=\"h-global-transition-all h-heading style-2744 style-local-967-c22 position-relative h-element\">\n                  <!---->\n                  <div class=\"h-heading__outer style-2744 style-local-967-c22\">\n                    <!---->\n                    <!---->\n                    <h4 class=\"\">PERSONNEL ALL-TERRAIN VEHICLE 903, LAPLANDER, \"VALP\"<\/h4>\n                  <\/div>\n                <\/div>\n              <\/div>\n            <\/div>\n          <\/div>\n        <\/div>\n      <\/div>\n      <div data-colibri-id=\"967-c3\" class=\"h-row-container gutters-row-lg-2 gutters-row-md-2 gutters-row-0 gutters-row-v-lg-2 gutters-row-v-md-2 gutters-row-v-2 style-681 style-local-967-c3 position-relative\">\n        <!---->\n        <div class=\"h-row justify-content-lg-center justify-content-md-center justify-content-center align-items-lg-stretch align-items-md-stretch align-items-stretch gutters-col-lg-2 gutters-col-md-2 gutters-col-0 gutters-col-v-lg-2 gutters-col-v-md-2 gutters-col-v-2\">\n          <!---->\n          <div class=\"h-column h-column-container d-flex h-col-lg-auto h-col-md-auto h-col-auto style-682-outer style-local-967-c4-outer\">\n            <div data-colibri-id=\"967-c4\" class=\"d-flex h-flex-basis h-column__inner h-px-lg-2 h-px-md-2 h-px-2 v-inner-lg-2 v-inner-md-2 v-inner-2 style-682 style-local-967-c4 position-relative\">\n              <!---->\n              <!---->\n              <div class=\"w-100 h-y-container h-column__content h-column__v-align flex-basis-100 align-self-lg-start align-self-md-start align-self-start\">\n                <!---->\n                <div data-colibri-id=\"967-c5\" class=\"h-text h-text-component style-683 style-local-967-c5 position-relative h-element\">\n                  <!---->\n                  <!---->\n                  <div class=\"\">\n                    <p>\"Valpen\" (\"the puppy\") is a highly appreciated and useful vehicle, both militarily and civily!<\/p>\n                    <p>The museum has two PLTGBIL 903 on the premises.&nbsp;<\/p>\n                    <p>A design classic, developed by Volvo's military vehicle division in the 1950s.&nbsp;\n                      <br>A Swedish-made replacement for the American Willys jeeps was needed, and the result was the PLTGBIL 903.&nbsp;\n                      <br>A simple and effective all-terrain vehicle with high ground clearance, designed to navigate rough terrain and deep snow with a light load or up to 6 passengers.&nbsp;\n                      <br>\n                    <\/p>\n                    <p>The manufacturer Volvo referred to the series as the \"Laplander,\" but colloquially it was known as the \"Valp\" (puppy), as the large tires resembled the disproportionately large paws of a puppy.&nbsp;<\/p>\n                    <p>The Valp was produced in various versions for different purposes, and a total of 8,000 vehicles were purchased. It was used militarily until the late 1990s.&nbsp;\n                      <br>\n                      <br>Not only the military benefited from this vehicle; it was also purchased by emergency services, forest owners, the telecommunications company, power companies, and others.&nbsp;<\/p>\n                  <\/div>\n                <\/div>\n              <\/div>\n            <\/div>\n          <\/div>\n          <div class=\"h-column h-column-container d-flex h-col-lg-auto h-col-md-auto h-col-auto style-684-outer style-local-967-c6-outer\">\n            <div data-colibri-id=\"967-c6\" class=\"d-flex h-flex-basis h-column__inner h-px-lg-2 h-px-md-2 h-px-2 v-inner-lg-2 v-inner-md-2 v-inner-2 style-684 style-local-967-c6 position-relative\">\n              <!---->\n              <!---->\n              <div class=\"w-100 h-y-container h-column__content h-column__v-align flex-basis-100 align-self-lg-start align-self-md-start align-self-start\">\n                <!---->\n                <div data-colibri-component=\"video\" data-colibri-id=\"967-c7\" class=\"d-block h-video d-block h-video style-698 style-local-967-c7 position-relative h-element\">\n                  <!---->\n                  <!---->\n                  <div class=\"video-container position-relative\">\n                    <div class=\"h-global-transition-all ratio-inner\"><iframe src=\"https:\/\/www.youtube.com\/embed\/It84WUeqjp4?autoplay=0&#038;mute=0&#038;modestbranding=0&#038;rel=0&#038;enablejsapi=1&#038;\" class='h-video-main'  allowfullscreen><\/iframe><\/div>\n                  <\/div>\n                <\/div>\n                <div data-colibri-id=\"967-c9\" class=\"h-text h-text-component style-700 style-local-967-c9 position-relative h-element\">\n                  <!---->\n                  <!---->\n                  <div class=\"\">\n                    <p>The Valp is an excellent off-road vehicle, as this video shows. Filmed during the Sweden Offroad Tour 2011, by Norrhyttan.&nbsp;<\/p>\n                  <\/div>\n                <\/div>\n              <\/div>\n            <\/div>\n          <\/div>\n        <\/div>\n      <\/div>\n      <div data-colibri-id=\"967-c10\" class=\"h-row-container gutters-row-lg-2 gutters-row-md-2 gutters-row-0 gutters-row-v-lg-2 gutters-row-v-md-2 gutters-row-v-2 style-687 style-local-967-c10 position-relative\">\n        <!---->\n        <div class=\"h-row justify-content-lg-center justify-content-md-center justify-content-center align-items-lg-stretch align-items-md-stretch align-items-stretch gutters-col-lg-2 gutters-col-md-2 gutters-col-0 gutters-col-v-lg-2 gutters-col-v-md-2 gutters-col-v-2\">\n          <!---->\n          <div class=\"h-column h-column-container d-flex h-col-lg-auto h-col-md-auto h-col-auto style-688-outer style-local-967-c11-outer\">\n            <div data-colibri-id=\"967-c11\" class=\"d-flex h-flex-basis h-column__inner h-px-lg-2 h-px-md-2 h-px-2 v-inner-lg-2 v-inner-md-2 v-inner-2 style-688 style-local-967-c11 position-relative\">\n              <!---->\n              <!---->\n              <div class=\"w-100 h-y-container h-column__content h-column__v-align flex-basis-100 align-self-lg-start align-self-md-start align-self-start\">\n                <!---->\n                <div data-colibri-component=\"\" data-colibri-id=\"967-c12\" class=\"h-photo-gallery margin-none caption-displayTrue caption-vertical-align-top style-689 style-local-967-c12 h-overflow-hidden position-relative h-element\">\n                  <!---->\n                  <div class=\"h-global-transition-all\"><div id='colibri-967-c12' class='gallery-wrapper'>    <style type=\"text\/css\">\n\n        @media (min-width: 1023px) {        #colibri-967-c12        dl {\n            float: left;\n            width: 25% !important;\n            max-width: 25% !important;\n            min-width: 25% !important;\n        }\n\n        #colibri-967-c12        dl:nth-of-type(4n +1 ) {\n            clear: both;\n        }\n\n        }@media (min-width: 768px) and (max-width: 1023px) {        #colibri-967-c12        dl {\n            float: left;\n            width: 25% !important;\n            max-width: 25% !important;\n            min-width: 25% !important;\n        }\n\n        #colibri-967-c12        dl:nth-of-type(4n +1 ) {\n            clear: both;\n        }\n\n        }@media (max-width: 767px) {        #colibri-967-c12        dl {\n            float: left;\n            width: 50% !important;\n            max-width: 50% !important;\n            min-width: 50% !important;\n        }\n\n        #colibri-967-c12        dl:nth-of-type(2n +1 ) {\n            clear: both;\n        }\n\n        }\n        #colibri-967-c12        .gallery-item {\n            position: relative;\n        }\n\n        \n    <\/style>\n    <div   class='colibri-967-c12-dls-wrapper gallery-items-wrapper' ><dl class='gallery-item masonry-item'>\n\t\t\t<dt class='gallery-icon landscape'>\n\t\t\t\t<a data-fancybox=\"colibri-967-c12-group\" href='https:\/\/kalixlinjen.se\/wp-content\/uploads\/2023\/03\/letka-1.jpg'><img loading=\"lazy\" decoding=\"async\"  width=\"300\" height=\"199\" src=\"https:\/\/kalixlinjen.se\/wp-content\/uploads\/2023\/03\/letka-1-300x199.jpg\"  class='colibri-967-c12-image' alt=\"\" srcset=\"https:\/\/kalixlinjen.se\/wp-content\/uploads\/2023\/03\/letka-1-300x199.jpg 300w, https:\/\/kalixlinjen.se\/wp-content\/uploads\/2023\/03\/letka-1.jpg 567w\" sizes=\"auto, (max-width: 300px) 100vw, 300px\" \/><\/a>\n\t\t\t<\/dt><\/dl><dl class='gallery-item masonry-item'>\n\t\t\t<dt class='gallery-icon portrait'>\n\t\t\t\t<a data-fancybox=\"colibri-967-c12-group\" href='https:\/\/kalixlinjen.se\/wp-content\/uploads\/2023\/06\/IMG_20230530_110152-scaled.jpg'><img loading=\"lazy\" decoding=\"async\"  width=\"225\" height=\"300\" src=\"https:\/\/kalixlinjen.se\/wp-content\/uploads\/2023\/06\/IMG_20230530_110152-225x300.jpg\"  class='colibri-967-c12-image' alt=\"personlastterr\u00e4ngbil 903, Laplander, &quot;Valp&quot;, regnr 178239\" aria-describedby=\"gallery-1-3287\" srcset=\"https:\/\/kalixlinjen.se\/wp-content\/uploads\/2023\/06\/IMG_20230530_110152-225x300.jpg 225w, https:\/\/kalixlinjen.se\/wp-content\/uploads\/2023\/06\/IMG_20230530_110152-768x1024.jpg 768w, https:\/\/kalixlinjen.se\/wp-content\/uploads\/2023\/06\/IMG_20230530_110152-1152x1536.jpg 1152w, https:\/\/kalixlinjen.se\/wp-content\/uploads\/2023\/06\/IMG_20230530_110152-1536x2048.jpg 1536w, https:\/\/kalixlinjen.se\/wp-content\/uploads\/2023\/06\/IMG_20230530_110152-scaled.jpg 1920w\" sizes=\"auto, (max-width: 225px) 100vw, 225px\" \/><\/a>\n\t\t\t<\/dt>\n\t\t\t\t<div class=\"gallery-caption__wrapper\"><dd class='wp-caption-text gallery-caption' id='gallery-1-3287'>\n\t\t\t\tPersonlastterr\u00e4ngbil 903, Laplander, &#8221;Valp&#8221;. Milregnr 178239\n\t\t\t\t<\/dd><\/div><\/dl><dl class='gallery-item masonry-item'>\n\t\t\t<dt class='gallery-icon landscape'>\n\t\t\t\t<a data-fancybox=\"colibri-967-c12-group\" href='https:\/\/kalixlinjen.se\/wp-content\/uploads\/2023\/06\/IMG_20230530_110206-scaled.jpg'><img loading=\"lazy\" decoding=\"async\"  width=\"300\" height=\"225\" src=\"https:\/\/kalixlinjen.se\/wp-content\/uploads\/2023\/06\/IMG_20230530_110206-300x225.jpg\"  class='colibri-967-c12-image' alt=\"personlastterr\u00e4ngbil 903, Laplander, &quot;Valp&quot;, regnr 178239\" aria-describedby=\"gallery-1-3288\" srcset=\"https:\/\/kalixlinjen.se\/wp-content\/uploads\/2023\/06\/IMG_20230530_110206-300x225.jpg 300w, https:\/\/kalixlinjen.se\/wp-content\/uploads\/2023\/06\/IMG_20230530_110206-1024x768.jpg 1024w, https:\/\/kalixlinjen.se\/wp-content\/uploads\/2023\/06\/IMG_20230530_110206-768x576.jpg 768w, https:\/\/kalixlinjen.se\/wp-content\/uploads\/2023\/06\/IMG_20230530_110206-1536x1152.jpg 1536w, https:\/\/kalixlinjen.se\/wp-content\/uploads\/2023\/06\/IMG_20230530_110206-2048x1536.jpg 2048w\" sizes=\"auto, (max-width: 300px) 100vw, 300px\" \/><\/a>\n\t\t\t<\/dt>\n\t\t\t\t<div class=\"gallery-caption__wrapper\"><dd class='wp-caption-text gallery-caption' id='gallery-1-3288'>\n\t\t\t\tPersonlastterr\u00e4ngbil 903, Laplander, &#8221;Valp&#8221;. Milregnr 178239\n\t\t\t\t<\/dd><\/div><\/dl><dl class='gallery-item masonry-item'>\n\t\t\t<dt class='gallery-icon portrait'>\n\t\t\t\t<a data-fancybox=\"colibri-967-c12-group\" href='https:\/\/kalixlinjen.se\/wp-content\/uploads\/2023\/06\/IMG_20230530_110234-scaled.jpg'><img loading=\"lazy\" decoding=\"async\"  width=\"225\" height=\"300\" src=\"https:\/\/kalixlinjen.se\/wp-content\/uploads\/2023\/06\/IMG_20230530_110234-225x300.jpg\"  class='colibri-967-c12-image' alt=\"personlastterr\u00e4ngbil 903, Laplander, &quot;Valp&quot;, regnr 178239\" aria-describedby=\"gallery-1-3291\" srcset=\"https:\/\/kalixlinjen.se\/wp-content\/uploads\/2023\/06\/IMG_20230530_110234-225x300.jpg 225w, https:\/\/kalixlinjen.se\/wp-content\/uploads\/2023\/06\/IMG_20230530_110234-768x1024.jpg 768w, https:\/\/kalixlinjen.se\/wp-content\/uploads\/2023\/06\/IMG_20230530_110234-1152x1536.jpg 1152w, https:\/\/kalixlinjen.se\/wp-content\/uploads\/2023\/06\/IMG_20230530_110234-1536x2048.jpg 1536w, https:\/\/kalixlinjen.se\/wp-content\/uploads\/2023\/06\/IMG_20230530_110234-scaled.jpg 1920w\" sizes=\"auto, (max-width: 225px) 100vw, 225px\" \/><\/a>\n\t\t\t<\/dt>\n\t\t\t\t<div class=\"gallery-caption__wrapper\"><dd class='wp-caption-text gallery-caption' id='gallery-1-3291'>\n\t\t\t\tPersonlastterr\u00e4ngbil 903, Laplander, &#8221;Valp&#8221;. Milregnr 178239\n\t\t\t\t<\/dd><\/div><\/dl><dl class='gallery-item masonry-item'>\n\t\t\t<dt class='gallery-icon portrait'>\n\t\t\t\t<a data-fancybox=\"colibri-967-c12-group\" href='https:\/\/kalixlinjen.se\/wp-content\/uploads\/2023\/06\/IMG_20230530_110220-scaled.jpg'><img loading=\"lazy\" decoding=\"async\"  width=\"225\" height=\"300\" src=\"https:\/\/kalixlinjen.se\/wp-content\/uploads\/2023\/06\/IMG_20230530_110220-225x300.jpg\"  class='colibri-967-c12-image' alt=\"personlastterr\u00e4ngbil 903, Laplander, &quot;Valp&quot;, regnr 178239\" aria-describedby=\"gallery-1-3290\" srcset=\"https:\/\/kalixlinjen.se\/wp-content\/uploads\/2023\/06\/IMG_20230530_110220-225x300.jpg 225w, https:\/\/kalixlinjen.se\/wp-content\/uploads\/2023\/06\/IMG_20230530_110220-768x1024.jpg 768w, https:\/\/kalixlinjen.se\/wp-content\/uploads\/2023\/06\/IMG_20230530_110220-1152x1536.jpg 1152w, https:\/\/kalixlinjen.se\/wp-content\/uploads\/2023\/06\/IMG_20230530_110220-1536x2048.jpg 1536w, https:\/\/kalixlinjen.se\/wp-content\/uploads\/2023\/06\/IMG_20230530_110220-scaled.jpg 1920w\" sizes=\"auto, (max-width: 225px) 100vw, 225px\" \/><\/a>\n\t\t\t<\/dt>\n\t\t\t\t<div class=\"gallery-caption__wrapper\"><dd class='wp-caption-text gallery-caption' id='gallery-1-3290'>\n\t\t\t\tPersonlastterr\u00e4ngbil 903, Laplander, &#8221;Valp&#8221;. Milregnr 178239\n\t\t\t\t<\/dd><\/div><\/dl><dl class='gallery-item masonry-item'>\n\t\t\t<dt class='gallery-icon landscape'>\n\t\t\t\t<a data-fancybox=\"colibri-967-c12-group\" href='https:\/\/kalixlinjen.se\/wp-content\/uploads\/2023\/06\/IMG_20230530_104016-scaled.jpg'><img loading=\"lazy\" decoding=\"async\"  width=\"300\" height=\"225\" src=\"https:\/\/kalixlinjen.se\/wp-content\/uploads\/2023\/06\/IMG_20230530_104016-300x225.jpg\"  class='colibri-967-c12-image' alt=\"Personlastterr\u00e4ngbil 903 Laplander, Valp. milregnr 177030\" aria-describedby=\"gallery-1-3293\" srcset=\"https:\/\/kalixlinjen.se\/wp-content\/uploads\/2023\/06\/IMG_20230530_104016-300x225.jpg 300w, https:\/\/kalixlinjen.se\/wp-content\/uploads\/2023\/06\/IMG_20230530_104016-1024x768.jpg 1024w, https:\/\/kalixlinjen.se\/wp-content\/uploads\/2023\/06\/IMG_20230530_104016-768x576.jpg 768w, https:\/\/kalixlinjen.se\/wp-content\/uploads\/2023\/06\/IMG_20230530_104016-1536x1152.jpg 1536w, https:\/\/kalixlinjen.se\/wp-content\/uploads\/2023\/06\/IMG_20230530_104016-2048x1536.jpg 2048w\" sizes=\"auto, (max-width: 300px) 100vw, 300px\" \/><\/a>\n\t\t\t<\/dt>\n\t\t\t\t<div class=\"gallery-caption__wrapper\"><dd class='wp-caption-text gallery-caption' id='gallery-1-3293'>\n\t\t\t\tPersonlastterr\u00e4ngbil 903 Laplander, Valp. milregnr 177030\n\t\t\t\t<\/dd><\/div><\/dl><dl class='gallery-item masonry-item'>\n\t\t\t<dt class='gallery-icon portrait'>\n\t\t\t\t<a data-fancybox=\"colibri-967-c12-group\" href='https:\/\/kalixlinjen.se\/wp-content\/uploads\/2023\/06\/IMG_20230530_104033-scaled.jpg'><img loading=\"lazy\" decoding=\"async\"  width=\"225\" height=\"300\" src=\"https:\/\/kalixlinjen.se\/wp-content\/uploads\/2023\/06\/IMG_20230530_104033-225x300.jpg\"  class='colibri-967-c12-image' alt=\"Personlastterr\u00e4ngbil 903 Laplander, Valp. milregnr 177030\" aria-describedby=\"gallery-1-3294\" srcset=\"https:\/\/kalixlinjen.se\/wp-content\/uploads\/2023\/06\/IMG_20230530_104033-225x300.jpg 225w, https:\/\/kalixlinjen.se\/wp-content\/uploads\/2023\/06\/IMG_20230530_104033-768x1024.jpg 768w, https:\/\/kalixlinjen.se\/wp-content\/uploads\/2023\/06\/IMG_20230530_104033-1152x1536.jpg 1152w, https:\/\/kalixlinjen.se\/wp-content\/uploads\/2023\/06\/IMG_20230530_104033-1536x2048.jpg 1536w, https:\/\/kalixlinjen.se\/wp-content\/uploads\/2023\/06\/IMG_20230530_104033-scaled.jpg 1920w\" sizes=\"auto, (max-width: 225px) 100vw, 225px\" \/><\/a>\n\t\t\t<\/dt>\n\t\t\t\t<div class=\"gallery-caption__wrapper\"><dd class='wp-caption-text gallery-caption' id='gallery-1-3294'>\n\t\t\t\tPersonlastterr\u00e4ngbil 903 Laplander, Valp. milregnr 177030\n\t\t\t\t<\/dd><\/div><\/dl><dl class='gallery-item masonry-item'>\n\t\t\t<dt class='gallery-icon portrait'>\n\t\t\t\t<a data-fancybox=\"colibri-967-c12-group\" href='https:\/\/kalixlinjen.se\/wp-content\/uploads\/2023\/06\/IMG_20230530_103947-scaled.jpg'><img loading=\"lazy\" decoding=\"async\"  width=\"225\" height=\"300\" src=\"https:\/\/kalixlinjen.se\/wp-content\/uploads\/2023\/06\/IMG_20230530_103947-225x300.jpg\"  class='colibri-967-c12-image' alt=\"Personlastterr\u00e4ngbil 903 Laplander, Valp. milregnr 177030\" aria-describedby=\"gallery-1-3292\" srcset=\"https:\/\/kalixlinjen.se\/wp-content\/uploads\/2023\/06\/IMG_20230530_103947-225x300.jpg 225w, https:\/\/kalixlinjen.se\/wp-content\/uploads\/2023\/06\/IMG_20230530_103947-768x1024.jpg 768w, https:\/\/kalixlinjen.se\/wp-content\/uploads\/2023\/06\/IMG_20230530_103947-1152x1536.jpg 1152w, https:\/\/kalixlinjen.se\/wp-content\/uploads\/2023\/06\/IMG_20230530_103947-1536x2048.jpg 1536w, https:\/\/kalixlinjen.se\/wp-content\/uploads\/2023\/06\/IMG_20230530_103947-scaled.jpg 1920w\" sizes=\"auto, (max-width: 225px) 100vw, 225px\" \/><\/a>\n\t\t\t<\/dt>\n\t\t\t\t<div class=\"gallery-caption__wrapper\"><dd class='wp-caption-text gallery-caption' id='gallery-1-3292'>\n\t\t\t\tPersonlastterr\u00e4ngbil 903 Laplander, Valp. milregnr 177030\n\t\t\t\t<\/dd><\/div><\/dl><dl class='gallery-item masonry-item'>\n\t\t\t<dt class='gallery-icon portrait'>\n\t\t\t\t<a data-fancybox=\"colibri-967-c12-group\" href='https:\/\/kalixlinjen.se\/wp-content\/uploads\/2023\/06\/IMG_20230530_104047-scaled.jpg'><img loading=\"lazy\" decoding=\"async\"  width=\"225\" height=\"300\" src=\"https:\/\/kalixlinjen.se\/wp-content\/uploads\/2023\/06\/IMG_20230530_104047-225x300.jpg\"  class='colibri-967-c12-image' alt=\"Personlastterr\u00e4ngbil 903 Laplander, Valp. milregnr 177030\" aria-describedby=\"gallery-1-3296\" srcset=\"https:\/\/kalixlinjen.se\/wp-content\/uploads\/2023\/06\/IMG_20230530_104047-225x300.jpg 225w, https:\/\/kalixlinjen.se\/wp-content\/uploads\/2023\/06\/IMG_20230530_104047-768x1024.jpg 768w, https:\/\/kalixlinjen.se\/wp-content\/uploads\/2023\/06\/IMG_20230530_104047-1152x1536.jpg 1152w, https:\/\/kalixlinjen.se\/wp-content\/uploads\/2023\/06\/IMG_20230530_104047-1536x2048.jpg 1536w, https:\/\/kalixlinjen.se\/wp-content\/uploads\/2023\/06\/IMG_20230530_104047-scaled.jpg 1920w\" sizes=\"auto, (max-width: 225px) 100vw, 225px\" \/><\/a>\n\t\t\t<\/dt>\n\t\t\t\t<div class=\"gallery-caption__wrapper\"><dd class='wp-caption-text gallery-caption' id='gallery-1-3296'>\n\t\t\t\tPersonlastterr\u00e4ngbil 903 Laplander, Valp. milregnr 177030\n\t\t\t\t<\/dd><\/div><\/dl>\n\t\t\t\n\t\t<\/div>\n<style>#colibri-967-c12 .wp-caption-text.gallery-caption{display:none;}<\/style><\/div><\/div>\n                <\/div>\n              <\/div>\n            <\/div>\n          <\/div>\n        <\/div>\n      <\/div>\n      <div data-colibri-id=\"967-c13\" class=\"h-row-container gutters-row-lg-2 gutters-row-md-2 gutters-row-0 gutters-row-v-lg-2 gutters-row-v-md-2 gutters-row-v-2 style-690 style-local-967-c13 position-relative\">\n        <!---->\n        <div class=\"h-row justify-content-lg-center justify-content-md-center justify-content-center align-items-lg-stretch align-items-md-stretch align-items-stretch gutters-col-lg-2 gutters-col-md-2 gutters-col-0 gutters-col-v-lg-2 gutters-col-v-md-2 gutters-col-v-2\">\n          <!---->\n          <div class=\"h-column h-column-container d-flex h-col-lg-auto h-col-md-auto h-col-auto style-691-outer style-local-967-c14-outer\">\n            <div data-colibri-id=\"967-c14\" class=\"d-flex h-flex-basis h-column__inner h-px-lg-2 h-px-md-2 h-px-2 v-inner-lg-2 v-inner-md-2 v-inner-2 style-691 style-local-967-c14 position-relative\">\n              <!---->\n              <!---->\n              <div class=\"w-100 h-y-container h-column__content h-column__v-align flex-basis-100 align-self-lg-start align-self-md-start align-self-start\">\n                <!---->\n                <div data-colibri-id=\"967-c15\" class=\"h-text h-text-component style-692 style-local-967-c15 position-relative h-element\">\n                  <!---->\n                  <!---->\n                  <div class=\"\">\n                    <p>Personnel all-terrain vehicle 903\/Personlastterr\u00e4ngbil 903<\/p>\n                    <p>Reg. No<\/p>\n                    <p>177030<\/p>\n                    <p>M5123-903011<\/p>\n                    <p>PLTGBIL 903 MT<\/p>\n                    <p>Assigned <\/p>\n                    <p>UHREG N<\/p>\n                    <p>Vehicle type<\/p>\n                    <p>Truck<\/p>\n                    <p>Manufacturer\/type<\/p>\n                    <p>VOLVO L3314A<\/p>\n                    <p>Model year<\/p>\n                    <p>1962<\/p>\n                    <p>Chassis number<\/p>\n                    <p>94<\/p>\n                    <p>Reference number<\/p>\n                    <p>62107J<\/p>\n                    <p>Date of registration<\/p>\n                    <p>1962-11-07&nbsp;<\/p>\n                    <p>User<\/p>\n                    <p>545<\/p>\n                    <p>Deregistered<\/p>\n                    <p>AVR 904\/95<\/p>\n                    <p>Vehicle body<\/p>\n                    <p>73 FOR  MISCELLANEOUS TRANSPORT<\/p>\n                    <p>Length<\/p>\n                    <p>4,05<\/p>\n                    <p>Width<\/p>\n                    <p>1,65<\/p>\n                    <p>Passengers<\/p>\n                    <p>6<\/p>\n                    <p>Numbers of axles<\/p>\n                    <p>2<\/p>\n                    <p>Wheelbase<\/p>\n                    <p>2,10<\/p>\n                    <p>Numbers of tires<\/p>\n                    <p>4<\/p>\n                    <p>Tyre dimension front<\/p>\n                    <p>8,90-16\/4<\/p>\n                    <p>Tyre dimension back<\/p>\n                    <p>8,90-16\/4<\/p>\n                    <p>Axle load<\/p>\n                    <p>Power in kW<\/p>\n                    <p>48<\/p>\n                    <p>Power standard<\/p>\n                    <p>MISSING<\/p>\n                    <p>Engine displacement<\/p>\n                    <p>1780<\/p>\n                    <p>Fuel tank capacity<\/p>\n                    <p>50<\/p>\n                    <p>Fuel<\/p>\n                    <p>GASOLINE<\/p>\n                    <p>Transmission<\/p>\n                    <p>MAN\/TILS<\/p>\n                    <p>Curb weight (kg)<\/p>\n                    <p>1600<\/p>\n                    <p>Maximum payload (kg)<\/p>\n                    <p>650<\/p>\n                    <p>Gross vehicle weight<\/p>\n                    <p>2250<\/p>\n                    <p>Registered weight (kg)<\/p>\n                    <p>Curb weight distribution<\/p>\n                    <p>900+700<\/p>\n                    <p>Hitch type<\/p>\n                    <p>KROK<\/p>\n                    <p>Clutch pedal travel<\/p>\n                    <p>0,98<\/p>\n                    <p>Break system<\/p>\n                    <p>YES<\/p>\n                    <p>Cargo space<\/p>\n                    <p>1,54<\/p>\n                    <p>Overhang<\/p>\n                    <p>0,62<\/p>\n                    <p>Equipment<\/p>\n                    <p>Gross weight distribution<\/p>\n                    <p>950+1300<\/p>\n                    <p>Additional information<\/p>\n                    <p>YES\n                      <br>PERSONNEL ALL-TERRAIN VEHICLE REMOVABLE ROOF<\/p>\n                    <p>\n                      <br>\n                    <\/p>\n                    <p>\n                      <br>\n                    <\/p>\n                  <\/div>\n                <\/div>\n              <\/div>\n            <\/div>\n          <\/div>\n          <div class=\"h-column h-column-container d-flex h-col-lg-auto h-col-md-auto h-col-auto style-693-outer style-local-967-c16-outer\">\n            <div data-colibri-id=\"967-c16\" class=\"d-flex h-flex-basis h-column__inner h-px-lg-2 h-px-md-2 h-px-2 v-inner-lg-2 v-inner-md-2 v-inner-2 style-693 style-local-967-c16 position-relative\">\n              <!---->\n              <!---->\n              <div class=\"w-100 h-y-container h-column__content h-column__v-align flex-basis-100 align-self-lg-start align-self-md-start align-self-start\">\n                <!---->\n                <div data-colibri-id=\"967-c17\" class=\"h-text h-text-component style-2221 style-local-967-c17 position-relative h-element\">\n                  <!---->\n                  <!---->\n                  <div class=\"\">\n                    <p>Personnel all-terrain vehicle 903\/Personlastterr\u00e4ngbil 903<\/p>\n                    <p>Reg. No <\/p>\n                    <p>178239<\/p>\n                    <p>\n                      <br>\n                    <\/p>\n                    <p>\n                      <br>\n                    <\/p>\n                  <\/div>\n                <\/div>\n              <\/div>\n            <\/div>\n          <\/div>\n        <\/div>\n      <\/div>\n    <\/div>\n  <\/div>\n<\/div>","protected":false},"excerpt":{"rendered":"<p>PLTGBIL 903 mt PERSONLASTTERR\u00c4NGBIL 903, LAPLANDER, &#8221;VALP&#8221; Valpen \u00e4r ett v\u00e4ldigt uppskattat och anv\u00e4ndbart fordon, b\u00e5de milit\u00e4rt och civilt! Museet har tv\u00e5 exemplar.&nbsp; En designklassiker, framtagen av Volvos milit\u00e4rfordonsutveckling under 1950talet.&nbsp; En svensktillverkad ers\u00e4ttare f\u00f6r de amerikanska Willys-jeeparna beh\u00f6vdes, och resultatet blev PLTGBIL 903.&nbsp; En enkel och effektiv terr\u00e4ngbil med h\u00f6g markfrig\u00e5ng, gjord f\u00f6r att [&hellip;]<\/p>\n","protected":false},"author":1,"featured_media":0,"parent":0,"menu_order":0,"comment_status":"closed","ping_status":"closed","template":"page-templates\/full-width-page.php","meta":{"_kadence_starter_templates_imported_post":false,"footnotes":""},"class_list":["post-967","page","type-page","status-publish","hentry"],"yoast_head":"<!-- This site is optimized with the Yoast SEO plugin v27.5 - https:\/\/yoast.com\/product\/yoast-seo-wordpress\/ -->\n<title>Personlastterr\u00e4ngbil 903 - Kalixlinjens museum<\/title>\n<meta name=\"robots\" content=\"index, follow, max-snippet:-1, max-image-preview:large, max-video-preview:-1\" \/>\n<link rel=\"canonical\" href=\"https:\/\/kalixlinjen.se\/en\/personlastterrangbil-903\/\" \/>\n<meta property=\"og:locale\" content=\"en_GB\" \/>\n<meta property=\"og:type\" content=\"article\" \/>\n<meta property=\"og:title\" content=\"Personlastterr\u00e4ngbil 903 - Kalixlinjens museum\" \/>\n<meta property=\"og:description\" content=\"PLTGBIL 903 mt PERSONLASTTERR\u00c4NGBIL 903, LAPLANDER, &#8221;VALP&#8221; Valpen \u00e4r ett v\u00e4ldigt uppskattat och anv\u00e4ndbart fordon, b\u00e5de milit\u00e4rt och civilt! Museet har tv\u00e5 exemplar.&nbsp; En designklassiker, framtagen av Volvos milit\u00e4rfordonsutveckling under 1950talet.&nbsp; En svensktillverkad ers\u00e4ttare f\u00f6r de amerikanska Willys-jeeparna beh\u00f6vdes, och resultatet blev PLTGBIL 903.&nbsp; En enkel och effektiv terr\u00e4ngbil med h\u00f6g markfrig\u00e5ng, gjord f\u00f6r att [&hellip;]\" \/>\n<meta property=\"og:url\" content=\"https:\/\/kalixlinjen.se\/en\/personlastterrangbil-903\/\" \/>\n<meta property=\"og:site_name\" content=\"Kalixlinjens museum\" \/>\n<meta property=\"article:publisher\" content=\"https:\/\/www.facebook.com\/kalixlinjensmuseum\" \/>\n<meta property=\"article:modified_time\" content=\"2024-10-21T13:14:27+00:00\" \/>\n<meta name=\"twitter:card\" content=\"summary_large_image\" \/>\n<meta name=\"twitter:label1\" content=\"Estimated reading time\" \/>\n\t<meta name=\"twitter:data1\" content=\"2 minutes\" \/>\n<script type=\"application\/ld+json\" class=\"yoast-schema-graph\">{\"@context\":\"https:\\\/\\\/schema.org\",\"@graph\":[{\"@type\":\"WebPage\",\"@id\":\"https:\\\/\\\/kalixlinjen.se\\\/personlastterrangbil-903\\\/\",\"url\":\"https:\\\/\\\/kalixlinjen.se\\\/personlastterrangbil-903\\\/\",\"name\":\"Personlastterr\u00e4ngbil 903 - Kalixlinjens museum\",\"isPartOf\":{\"@id\":\"https:\\\/\\\/kalixlinjen.se\\\/#website\"},\"datePublished\":\"2023-03-23T09:47:23+00:00\",\"dateModified\":\"2024-10-21T13:14:27+00:00\",\"breadcrumb\":{\"@id\":\"https:\\\/\\\/kalixlinjen.se\\\/personlastterrangbil-903\\\/#breadcrumb\"},\"inLanguage\":\"en-GB\",\"potentialAction\":[{\"@type\":\"ReadAction\",\"target\":[\"https:\\\/\\\/kalixlinjen.se\\\/personlastterrangbil-903\\\/\"]}]},{\"@type\":\"BreadcrumbList\",\"@id\":\"https:\\\/\\\/kalixlinjen.se\\\/personlastterrangbil-903\\\/#breadcrumb\",\"itemListElement\":[{\"@type\":\"ListItem\",\"position\":1,\"name\":\"Hem\",\"item\":\"https:\\\/\\\/kalixlinjen.se\\\/\"},{\"@type\":\"ListItem\",\"position\":2,\"name\":\"Personlastterr\u00e4ngbil 903\"}]},{\"@type\":\"WebSite\",\"@id\":\"https:\\\/\\\/kalixlinjen.se\\\/#website\",\"url\":\"https:\\\/\\\/kalixlinjen.se\\\/\",\"name\":\"Kalixlinjens museum\",\"description\":\"St\u00f6rst och hemligast!\",\"publisher\":{\"@id\":\"https:\\\/\\\/kalixlinjen.se\\\/#organization\"},\"potentialAction\":[{\"@type\":\"SearchAction\",\"target\":{\"@type\":\"EntryPoint\",\"urlTemplate\":\"https:\\\/\\\/kalixlinjen.se\\\/?s={search_term_string}\"},\"query-input\":{\"@type\":\"PropertyValueSpecification\",\"valueRequired\":true,\"valueName\":\"search_term_string\"}}],\"inLanguage\":\"en-GB\"},{\"@type\":\"Organization\",\"@id\":\"https:\\\/\\\/kalixlinjen.se\\\/#organization\",\"name\":\"Kalixlinjens museum\",\"url\":\"https:\\\/\\\/kalixlinjen.se\\\/\",\"logo\":{\"@type\":\"ImageObject\",\"inLanguage\":\"en-GB\",\"@id\":\"https:\\\/\\\/kalixlinjen.se\\\/#\\\/schema\\\/logo\\\/image\\\/\",\"url\":\"https:\\\/\\\/kalixlinjen.se\\\/wp-content\\\/uploads\\\/2022\\\/11\\\/cropped-cropped-cropped-cropped-loggo.png\",\"contentUrl\":\"https:\\\/\\\/kalixlinjen.se\\\/wp-content\\\/uploads\\\/2022\\\/11\\\/cropped-cropped-cropped-cropped-loggo.png\",\"width\":512,\"height\":512,\"caption\":\"Kalixlinjens museum\"},\"image\":{\"@id\":\"https:\\\/\\\/kalixlinjen.se\\\/#\\\/schema\\\/logo\\\/image\\\/\"},\"sameAs\":[\"https:\\\/\\\/www.facebook.com\\\/kalixlinjensmuseum\",\"https:\\\/\\\/www.instagram.com\\\/kalixlinjens_museum\\\/\"]}]}<\/script>\n<!-- \/ Yoast SEO plugin. -->","yoast_head_json":{"title":"Personlastterr\u00e4ngbil 903 - Kalixlinjens museum","robots":{"index":"index","follow":"follow","max-snippet":"max-snippet:-1","max-image-preview":"max-image-preview:large","max-video-preview":"max-video-preview:-1"},"canonical":"https:\/\/kalixlinjen.se\/en\/personlastterrangbil-903\/","og_locale":"en_GB","og_type":"article","og_title":"Personlastterr\u00e4ngbil 903 - Kalixlinjens museum","og_description":"PLTGBIL 903 mt PERSONLASTTERR\u00c4NGBIL 903, LAPLANDER, &#8221;VALP&#8221; Valpen \u00e4r ett v\u00e4ldigt uppskattat och anv\u00e4ndbart fordon, b\u00e5de milit\u00e4rt och civilt! Museet har tv\u00e5 exemplar.&nbsp; En designklassiker, framtagen av Volvos milit\u00e4rfordonsutveckling under 1950talet.&nbsp; En svensktillverkad ers\u00e4ttare f\u00f6r de amerikanska Willys-jeeparna beh\u00f6vdes, och resultatet blev PLTGBIL 903.&nbsp; En enkel och effektiv terr\u00e4ngbil med h\u00f6g markfrig\u00e5ng, gjord f\u00f6r att [&hellip;]","og_url":"https:\/\/kalixlinjen.se\/en\/personlastterrangbil-903\/","og_site_name":"Kalixlinjens museum","article_publisher":"https:\/\/www.facebook.com\/kalixlinjensmuseum","article_modified_time":"2024-10-21T13:14:27+00:00","twitter_card":"summary_large_image","twitter_misc":{"Estimated reading time":"2 minutes"},"schema":{"@context":"https:\/\/schema.org","@graph":[{"@type":"WebPage","@id":"https:\/\/kalixlinjen.se\/personlastterrangbil-903\/","url":"https:\/\/kalixlinjen.se\/personlastterrangbil-903\/","name":"Personlastterr\u00e4ngbil 903 - Kalixlinjens museum","isPartOf":{"@id":"https:\/\/kalixlinjen.se\/#website"},"datePublished":"2023-03-23T09:47:23+00:00","dateModified":"2024-10-21T13:14:27+00:00","breadcrumb":{"@id":"https:\/\/kalixlinjen.se\/personlastterrangbil-903\/#breadcrumb"},"inLanguage":"en-GB","potentialAction":[{"@type":"ReadAction","target":["https:\/\/kalixlinjen.se\/personlastterrangbil-903\/"]}]},{"@type":"BreadcrumbList","@id":"https:\/\/kalixlinjen.se\/personlastterrangbil-903\/#breadcrumb","itemListElement":[{"@type":"ListItem","position":1,"name":"Hem","item":"https:\/\/kalixlinjen.se\/"},{"@type":"ListItem","position":2,"name":"Personlastterr\u00e4ngbil 903"}]},{"@type":"WebSite","@id":"https:\/\/kalixlinjen.se\/#website","url":"https:\/\/kalixlinjen.se\/","name":"The Kalix line museum","description":"St\u00f6rst och hemligast!","publisher":{"@id":"https:\/\/kalixlinjen.se\/#organization"},"potentialAction":[{"@type":"SearchAction","target":{"@type":"EntryPoint","urlTemplate":"https:\/\/kalixlinjen.se\/?s={search_term_string}"},"query-input":{"@type":"PropertyValueSpecification","valueRequired":true,"valueName":"search_term_string"}}],"inLanguage":"en-GB"},{"@type":"Organization","@id":"https:\/\/kalixlinjen.se\/#organization","name":"The Kalix line museum","url":"https:\/\/kalixlinjen.se\/","logo":{"@type":"ImageObject","inLanguage":"en-GB","@id":"https:\/\/kalixlinjen.se\/#\/schema\/logo\/image\/","url":"https:\/\/kalixlinjen.se\/wp-content\/uploads\/2022\/11\/cropped-cropped-cropped-cropped-loggo.png","contentUrl":"https:\/\/kalixlinjen.se\/wp-content\/uploads\/2022\/11\/cropped-cropped-cropped-cropped-loggo.png","width":512,"height":512,"caption":"Kalixlinjens museum"},"image":{"@id":"https:\/\/kalixlinjen.se\/#\/schema\/logo\/image\/"},"sameAs":["https:\/\/www.facebook.com\/kalixlinjensmuseum","https:\/\/www.instagram.com\/kalixlinjens_museum\/"]}]}},"_links":{"self":[{"href":"https:\/\/kalixlinjen.se\/en\/wp-json\/wp\/v2\/pages\/967","targetHints":{"allow":["GET"]}}],"collection":[{"href":"https:\/\/kalixlinjen.se\/en\/wp-json\/wp\/v2\/pages"}],"about":[{"href":"https:\/\/kalixlinjen.se\/en\/wp-json\/wp\/v2\/types\/page"}],"author":[{"embeddable":true,"href":"https:\/\/kalixlinjen.se\/en\/wp-json\/wp\/v2\/users\/1"}],"replies":[{"embeddable":true,"href":"https:\/\/kalixlinjen.se\/en\/wp-json\/wp\/v2\/comments?post=967"}],"version-history":[{"count":12,"href":"https:\/\/kalixlinjen.se\/en\/wp-json\/wp\/v2\/pages\/967\/revisions"}],"predecessor-version":[{"id":5455,"href":"https:\/\/kalixlinjen.se\/en\/wp-json\/wp\/v2\/pages\/967\/revisions\/5455"}],"wp:attachment":[{"href":"https:\/\/kalixlinjen.se\/en\/wp-json\/wp\/v2\/media?parent=967"}],"curies":[{"name":"wp","href":"https:\/\/api.w.org\/{rel}","templated":true}]}}