{"id":2635,"date":"2023-05-29T06:41:49","date_gmt":"2023-05-29T06:41:49","guid":{"rendered":"https:\/\/kalixlinjen.se\/?page_id=2635"},"modified":"2024-09-04T12:43:10","modified_gmt":"2024-09-04T12:43:10","slug":"flygfartyg","status":"publish","type":"page","link":"https:\/\/kalixlinjen.se\/en\/flygfartyg\/","title":{"rendered":"Air and water"},"content":{"rendered":"<div data-colibri-id=\"2635-c1\" class=\"style-2204 style-local-2635-c1 position-relative\">\n  <!---->\n  <div data-colibri-component=\"section\" data-colibri-id=\"2635-c2\" id=\"custom\" class=\"h-section h-section-global-spacing d-flex align-items-lg-center align-items-md-center align-items-center style-2205 style-local-2635-c2 position-relative\">\n    <!---->\n    <!---->\n    <div class=\"h-section-grid-container h-section-boxed-container\">\n      <!---->\n      <div data-colibri-id=\"2635-c3\" class=\"h-row-container gutters-row-lg-2 gutters-row-md-2 gutters-row-0 gutters-row-v-lg-2 gutters-row-v-md-2 gutters-row-v-2 style-2210 style-local-2635-c3 position-relative\">\n        <!---->\n        <div class=\"h-row justify-content-lg-center justify-content-md-center justify-content-center align-items-lg-stretch align-items-md-stretch align-items-stretch gutters-col-lg-2 gutters-col-md-2 gutters-col-0 gutters-col-v-lg-2 gutters-col-v-md-2 gutters-col-v-2\">\n          <!---->\n          <div class=\"h-column h-column-container d-flex h-col-lg-auto h-col-md-auto h-col-auto style-2211-outer style-local-2635-c4-outer\">\n            <div data-colibri-id=\"2635-c4\" class=\"d-flex h-flex-basis h-column__inner h-px-lg-2 h-px-md-2 h-px-2 v-inner-lg-2 v-inner-md-2 v-inner-2 style-2211 style-local-2635-c4 position-relative\">\n              <!---->\n              <!---->\n              <div class=\"w-100 h-y-container h-column__content h-column__v-align flex-basis-100 align-self-lg-start align-self-md-start align-self-start\">\n                <!---->\n                <div data-colibri-id=\"2635-c5\" class=\"h-global-transition-all h-heading style-2213 style-local-2635-c5 position-relative h-element\">\n                  <!---->\n                  <div class=\"h-heading__outer style-2213 style-local-2635-c5\">\n                    <!---->\n                    <!---->\n                    <h1 class=\"\">Air and water<\/h1>\n                  <\/div>\n                <\/div>\n              <\/div>\n            <\/div>\n          <\/div>\n        <\/div>\n      <\/div>\n      <div data-colibri-id=\"2635-c6\" class=\"h-row-container gutters-row-lg-2 gutters-row-md-2 gutters-row-0 gutters-row-v-lg-2 gutters-row-v-md-2 gutters-row-v-2 style-2206 style-local-2635-c6 position-relative\">\n        <!---->\n        <div class=\"h-row justify-content-lg-center justify-content-md-center justify-content-center align-items-lg-stretch align-items-md-stretch align-items-stretch gutters-col-lg-2 gutters-col-md-2 gutters-col-0 gutters-col-v-lg-2 gutters-col-v-md-2 gutters-col-v-2\">\n          <!---->\n          <div class=\"h-column h-column-container d-flex h-col-lg-auto h-col-md-auto h-col-auto style-2207-outer style-local-2635-c7-outer\">\n            <div data-colibri-id=\"2635-c7\" class=\"d-flex h-flex-basis h-column__inner h-px-lg-2 h-px-md-2 h-px-2 v-inner-lg-2 v-inner-md-2 v-inner-2 style-2207 style-local-2635-c7 position-relative\">\n              <!---->\n              <!---->\n              <div class=\"w-100 h-y-container h-column__content h-column__v-align flex-basis-100 align-self-lg-start align-self-md-start align-self-start\">\n                <!---->\n                <div data-colibri-id=\"2635-c8\" class=\"h-text h-text-component style-2209 style-local-2635-c8 position-relative h-element\">\n                  <!---->\n                  <!---->\n                  <div class=\"\">\n                    <p>The Kalix line museum has two aircraft on display.&nbsp;\n                      <br>One\n                      <a href=\"https:\/\/kalixlinjen.se\/en\/hkp-6\/\">HKP 6<\/a>&nbsp;(Helicopter 6 Agusta bell 206), and a\n                      <a href=\"https:\/\/kalixlinjen.se\/en\/saab-35-draken\/\" target=\"_blank\" rel=\"noopener\">Saab 35 Draken.&nbsp;<\/a>\n                      <br>Currently, they are positioned in the field below the museum's premises.&nbsp;<\/p>\n                    <p>In the museum\u2019s exhibition area, two boats are on display\n                      <br>&nbsp;\n                      <a href=\"https:\/\/kalixlinjen.se\/en\/bogserbat-1\/\" target=\"_blank\" rel=\"noopener\">Tugboat 1<\/a> and\n                      <a href=\"https:\/\/kalixlinjen.se\/en\/bogserbat-2\/\" target=\"_blank\" rel=\"noopener\">Tugboat 2 \/ Bogserb\u00e5t 2<\/a>. Both are mounted on trailers.&nbsp;<\/p>\n                  <\/div>\n                <\/div>\n              <\/div>\n            <\/div>\n          <\/div>\n          <div class=\"h-column h-column-container d-flex h-col-lg-auto h-col-md-auto h-col-auto style-2208-outer style-local-2635-c9-outer\">\n            <div data-colibri-id=\"2635-c9\" class=\"d-flex h-flex-basis h-column__inner h-px-lg-2 h-px-md-2 h-px-2 v-inner-lg-2 v-inner-md-2 v-inner-2 style-2208 style-local-2635-c9 position-relative\">\n              <!---->\n              <!---->\n              <div class=\"w-100 h-y-container h-column__content h-column__v-align flex-basis-100 align-self-lg-start align-self-md-start align-self-start\">\n                <!---->\n                <div data-colibri-id=\"2635-c10\" class=\"d-block style-2214 style-local-2635-c10 position-relative h-element\">\n                  <!---->\n                  <div class=\"h-image__frame-container-outer\">\n                    <div class=\"h-image__frame-container\">\n                      <!---->\n                      <!---->\n                      <img loading=\"lazy\" decoding=\"async\" width=\"1918\" height=\"1238\" src=\"https:\/\/kalixlinjen.se\/wp-content\/uploads\/2023\/05\/cropped-IMG_20220929_120333-scaled-1.jpg\" class=\"wp-image-2638 style-2214-image style-local-2635-c10-image\" alt=\"\" srcset=\"https:\/\/kalixlinjen.se\/wp-content\/uploads\/2023\/05\/cropped-IMG_20220929_120333-scaled-1.jpg 1918w, https:\/\/kalixlinjen.se\/wp-content\/uploads\/2023\/05\/cropped-IMG_20220929_120333-scaled-1-300x194.jpg 300w, https:\/\/kalixlinjen.se\/wp-content\/uploads\/2023\/05\/cropped-IMG_20220929_120333-scaled-1-1024x661.jpg 1024w, https:\/\/kalixlinjen.se\/wp-content\/uploads\/2023\/05\/cropped-IMG_20220929_120333-scaled-1-768x496.jpg 768w, https:\/\/kalixlinjen.se\/wp-content\/uploads\/2023\/05\/cropped-IMG_20220929_120333-scaled-1-1536x991.jpg 1536w\" sizes=\"auto, (max-width: 1918px) 100vw, 1918px\" \/>\n                      <div class=\"h-image__frame h-hide-lg h-hide-md h-hide-sm style-2214-frameImage style-local-2635-c10-frameImage\"><\/div>\n                    <\/div>\n                  <\/div>\n                <\/div>\n                <div data-colibri-id=\"2635-c11\" class=\"h-text h-text-component style-2215 style-local-2635-c11 position-relative h-element\">\n                  <!---->\n                  <!---->\n                  <div class=\"\">\n                    <p>Saab 35 Draken<\/p>\n                  <\/div>\n                <\/div>\n              <\/div>\n            <\/div>\n          <\/div>\n        <\/div>\n      <\/div>\n      <div data-colibri-id=\"2635-c12\" class=\"h-row-container gutters-row-lg-2 gutters-row-md-2 gutters-row-0 gutters-row-v-lg-2 gutters-row-v-md-2 gutters-row-v-2 style-2218 style-local-2635-c12 position-relative\">\n        <!---->\n        <div class=\"h-row justify-content-lg-center justify-content-md-center justify-content-center align-items-lg-stretch align-items-md-stretch align-items-stretch gutters-col-lg-2 gutters-col-md-2 gutters-col-0 gutters-col-v-lg-2 gutters-col-v-md-2 gutters-col-v-2\">\n          <!---->\n          <div class=\"h-column h-column-container d-flex h-col-lg-auto h-col-md-auto h-col-auto style-2219-outer style-local-2635-c13-outer\">\n            <div data-colibri-id=\"2635-c13\" class=\"d-flex h-flex-basis h-column__inner h-ui-empty-state-container h-px-lg-2 h-px-md-2 h-px-2 v-inner-lg-2 v-inner-md-2 v-inner-2 style-2219 style-local-2635-c13 position-relative\">\n              <!---->\n              <!---->\n              <div class=\"w-100 h-y-container h-column__content h-column__v-align flex-basis-100\">\n                <!---->\n              <\/div>\n            <\/div>\n          <\/div>\n        <\/div>\n      <\/div>\n      <div data-colibri-id=\"2635-c14\" class=\"h-row-container gutters-row-lg-2 gutters-row-md-2 gutters-row-0 gutters-row-v-lg-2 gutters-row-v-md-2 gutters-row-v-2 style-2216 style-local-2635-c14 position-relative\">\n        <!---->\n        <div class=\"h-row justify-content-lg-center justify-content-md-center justify-content-center align-items-lg-stretch align-items-md-stretch align-items-stretch gutters-col-lg-2 gutters-col-md-2 gutters-col-0 gutters-col-v-lg-2 gutters-col-v-md-2 gutters-col-v-2\">\n          <!---->\n          <div class=\"h-column h-column-container d-flex h-col-lg-auto h-col-md-auto h-col-auto style-2217-outer style-local-2635-c15-outer\">\n            <div data-colibri-id=\"2635-c15\" class=\"d-flex h-flex-basis h-column__inner h-ui-empty-state-container h-px-lg-2 h-px-md-2 h-px-2 v-inner-lg-2 v-inner-md-2 v-inner-2 style-2217 style-local-2635-c15 position-relative\">\n              <!---->\n              <!---->\n              <div class=\"w-100 h-y-container h-column__content h-column__v-align flex-basis-100\">\n                <!---->\n              <\/div>\n            <\/div>\n          <\/div>\n        <\/div>\n      <\/div>\n    <\/div>\n  <\/div>\n<\/div>","protected":false},"excerpt":{"rendered":"<p>Luft och vatten Kalixlinjens museum har tv\u00e5 flygfartyg utst\u00e4llda.&nbsp; En HKP 6&nbsp;(Helikopter 6 Agusta Bell 206), samt en Saab 35 Draken.&nbsp; I nul\u00e4get st\u00e5r de uppst\u00e4llda p\u00e5 \u00e4ngen nedanf\u00f6r museets lokaler.&nbsp; P\u00e5 mus\u00e9ets utst\u00e4llningsomr\u00e5de finns tv\u00e5 b\u00e5tar uppst\u00e4llda. &nbsp; Bogserb\u00e5t 1 och Bogserb\u00e5t 2. B\u00e4gge st\u00e5r p\u00e5 sl\u00e4p.&nbsp; Saab 35 Draken<\/p>","protected":false},"author":1,"featured_media":0,"parent":0,"menu_order":0,"comment_status":"closed","ping_status":"closed","template":"page-templates\/full-width-page.php","meta":{"_kadence_starter_templates_imported_post":false,"footnotes":""},"class_list":["post-2635","page","type-page","status-publish","hentry"],"yoast_head":"<!-- This site is optimized with the Yoast SEO plugin v27.5 - https:\/\/yoast.com\/product\/yoast-seo-wordpress\/ -->\n<title>Luft och vatten - Kalixlinjens museum<\/title>\n<meta name=\"robots\" content=\"index, follow, max-snippet:-1, max-image-preview:large, max-video-preview:-1\" \/>\n<link rel=\"canonical\" href=\"https:\/\/kalixlinjen.se\/en\/flygfartyg\/\" \/>\n<meta property=\"og:locale\" content=\"en_GB\" \/>\n<meta property=\"og:type\" content=\"article\" \/>\n<meta property=\"og:title\" content=\"Luft och vatten - Kalixlinjens museum\" \/>\n<meta property=\"og:description\" content=\"Luft och vatten Kalixlinjens museum har tv\u00e5 flygfartyg utst\u00e4llda.&nbsp; En HKP 6&nbsp;(Helikopter 6 Agusta Bell 206), samt en Saab 35 Draken.&nbsp; I nul\u00e4get st\u00e5r de uppst\u00e4llda p\u00e5 \u00e4ngen nedanf\u00f6r museets lokaler.&nbsp; P\u00e5 mus\u00e9ets utst\u00e4llningsomr\u00e5de finns tv\u00e5 b\u00e5tar uppst\u00e4llda. &nbsp; Bogserb\u00e5t 1 och Bogserb\u00e5t 2. B\u00e4gge st\u00e5r p\u00e5 sl\u00e4p.&nbsp; Saab 35 Draken\" \/>\n<meta property=\"og:url\" content=\"https:\/\/kalixlinjen.se\/en\/flygfartyg\/\" \/>\n<meta property=\"og:site_name\" content=\"Kalixlinjens museum\" \/>\n<meta property=\"article:publisher\" content=\"https:\/\/www.facebook.com\/kalixlinjensmuseum\" \/>\n<meta property=\"article:modified_time\" content=\"2024-09-04T12:43:10+00:00\" \/>\n<meta property=\"og:image\" content=\"https:\/\/kalixlinjen.se\/wp-content\/uploads\/2023\/05\/cropped-IMG_20220929_120333-scaled-1.jpg\" \/>\n<meta name=\"twitter:card\" content=\"summary_large_image\" \/>\n<meta name=\"twitter:label1\" content=\"Estimated reading time\" \/>\n\t<meta name=\"twitter:data1\" content=\"1 minute\" \/>\n<script type=\"application\/ld+json\" class=\"yoast-schema-graph\">{\"@context\":\"https:\\\/\\\/schema.org\",\"@graph\":[{\"@type\":\"WebPage\",\"@id\":\"https:\\\/\\\/kalixlinjen.se\\\/flygfartyg\\\/\",\"url\":\"https:\\\/\\\/kalixlinjen.se\\\/flygfartyg\\\/\",\"name\":\"Luft och vatten - Kalixlinjens museum\",\"isPartOf\":{\"@id\":\"https:\\\/\\\/kalixlinjen.se\\\/#website\"},\"primaryImageOfPage\":{\"@id\":\"https:\\\/\\\/kalixlinjen.se\\\/flygfartyg\\\/#primaryimage\"},\"image\":{\"@id\":\"https:\\\/\\\/kalixlinjen.se\\\/flygfartyg\\\/#primaryimage\"},\"thumbnailUrl\":\"https:\\\/\\\/kalixlinjen.se\\\/wp-content\\\/uploads\\\/2023\\\/05\\\/cropped-IMG_20220929_120333-scaled-1.jpg\",\"datePublished\":\"2023-05-29T06:41:49+00:00\",\"dateModified\":\"2024-09-04T12:43:10+00:00\",\"breadcrumb\":{\"@id\":\"https:\\\/\\\/kalixlinjen.se\\\/flygfartyg\\\/#breadcrumb\"},\"inLanguage\":\"en-GB\",\"potentialAction\":[{\"@type\":\"ReadAction\",\"target\":[\"https:\\\/\\\/kalixlinjen.se\\\/flygfartyg\\\/\"]}]},{\"@type\":\"ImageObject\",\"inLanguage\":\"en-GB\",\"@id\":\"https:\\\/\\\/kalixlinjen.se\\\/flygfartyg\\\/#primaryimage\",\"url\":\"https:\\\/\\\/kalixlinjen.se\\\/wp-content\\\/uploads\\\/2023\\\/05\\\/cropped-IMG_20220929_120333-scaled-1.jpg\",\"contentUrl\":\"https:\\\/\\\/kalixlinjen.se\\\/wp-content\\\/uploads\\\/2023\\\/05\\\/cropped-IMG_20220929_120333-scaled-1.jpg\"},{\"@type\":\"BreadcrumbList\",\"@id\":\"https:\\\/\\\/kalixlinjen.se\\\/flygfartyg\\\/#breadcrumb\",\"itemListElement\":[{\"@type\":\"ListItem\",\"position\":1,\"name\":\"Hem\",\"item\":\"https:\\\/\\\/kalixlinjen.se\\\/\"},{\"@type\":\"ListItem\",\"position\":2,\"name\":\"Luft och vatten\"}]},{\"@type\":\"WebSite\",\"@id\":\"https:\\\/\\\/kalixlinjen.se\\\/#website\",\"url\":\"https:\\\/\\\/kalixlinjen.se\\\/\",\"name\":\"Kalixlinjens museum\",\"description\":\"St\u00f6rst och hemligast!\",\"publisher\":{\"@id\":\"https:\\\/\\\/kalixlinjen.se\\\/#organization\"},\"potentialAction\":[{\"@type\":\"SearchAction\",\"target\":{\"@type\":\"EntryPoint\",\"urlTemplate\":\"https:\\\/\\\/kalixlinjen.se\\\/?s={search_term_string}\"},\"query-input\":{\"@type\":\"PropertyValueSpecification\",\"valueRequired\":true,\"valueName\":\"search_term_string\"}}],\"inLanguage\":\"en-GB\"},{\"@type\":\"Organization\",\"@id\":\"https:\\\/\\\/kalixlinjen.se\\\/#organization\",\"name\":\"Kalixlinjens museum\",\"url\":\"https:\\\/\\\/kalixlinjen.se\\\/\",\"logo\":{\"@type\":\"ImageObject\",\"inLanguage\":\"en-GB\",\"@id\":\"https:\\\/\\\/kalixlinjen.se\\\/#\\\/schema\\\/logo\\\/image\\\/\",\"url\":\"https:\\\/\\\/kalixlinjen.se\\\/wp-content\\\/uploads\\\/2022\\\/11\\\/cropped-cropped-cropped-cropped-loggo.png\",\"contentUrl\":\"https:\\\/\\\/kalixlinjen.se\\\/wp-content\\\/uploads\\\/2022\\\/11\\\/cropped-cropped-cropped-cropped-loggo.png\",\"width\":512,\"height\":512,\"caption\":\"Kalixlinjens museum\"},\"image\":{\"@id\":\"https:\\\/\\\/kalixlinjen.se\\\/#\\\/schema\\\/logo\\\/image\\\/\"},\"sameAs\":[\"https:\\\/\\\/www.facebook.com\\\/kalixlinjensmuseum\",\"https:\\\/\\\/www.instagram.com\\\/kalixlinjens_museum\\\/\"]}]}<\/script>\n<!-- \/ Yoast SEO plugin. -->","yoast_head_json":{"title":"Luft och vatten - Kalixlinjens museum","robots":{"index":"index","follow":"follow","max-snippet":"max-snippet:-1","max-image-preview":"max-image-preview:large","max-video-preview":"max-video-preview:-1"},"canonical":"https:\/\/kalixlinjen.se\/en\/flygfartyg\/","og_locale":"en_GB","og_type":"article","og_title":"Luft och vatten - Kalixlinjens museum","og_description":"Luft och vatten Kalixlinjens museum har tv\u00e5 flygfartyg utst\u00e4llda.&nbsp; En HKP 6&nbsp;(Helikopter 6 Agusta Bell 206), samt en Saab 35 Draken.&nbsp; I nul\u00e4get st\u00e5r de uppst\u00e4llda p\u00e5 \u00e4ngen nedanf\u00f6r museets lokaler.&nbsp; P\u00e5 mus\u00e9ets utst\u00e4llningsomr\u00e5de finns tv\u00e5 b\u00e5tar uppst\u00e4llda. &nbsp; Bogserb\u00e5t 1 och Bogserb\u00e5t 2. B\u00e4gge st\u00e5r p\u00e5 sl\u00e4p.&nbsp; Saab 35 Draken","og_url":"https:\/\/kalixlinjen.se\/en\/flygfartyg\/","og_site_name":"Kalixlinjens museum","article_publisher":"https:\/\/www.facebook.com\/kalixlinjensmuseum","article_modified_time":"2024-09-04T12:43:10+00:00","og_image":[{"url":"https:\/\/kalixlinjen.se\/wp-content\/uploads\/2023\/05\/cropped-IMG_20220929_120333-scaled-1.jpg","type":"","width":"","height":""}],"twitter_card":"summary_large_image","twitter_misc":{"Estimated reading time":"1 minute"},"schema":{"@context":"https:\/\/schema.org","@graph":[{"@type":"WebPage","@id":"https:\/\/kalixlinjen.se\/flygfartyg\/","url":"https:\/\/kalixlinjen.se\/flygfartyg\/","name":"Luft och vatten - Kalixlinjens museum","isPartOf":{"@id":"https:\/\/kalixlinjen.se\/#website"},"primaryImageOfPage":{"@id":"https:\/\/kalixlinjen.se\/flygfartyg\/#primaryimage"},"image":{"@id":"https:\/\/kalixlinjen.se\/flygfartyg\/#primaryimage"},"thumbnailUrl":"https:\/\/kalixlinjen.se\/wp-content\/uploads\/2023\/05\/cropped-IMG_20220929_120333-scaled-1.jpg","datePublished":"2023-05-29T06:41:49+00:00","dateModified":"2024-09-04T12:43:10+00:00","breadcrumb":{"@id":"https:\/\/kalixlinjen.se\/flygfartyg\/#breadcrumb"},"inLanguage":"en-GB","potentialAction":[{"@type":"ReadAction","target":["https:\/\/kalixlinjen.se\/flygfartyg\/"]}]},{"@type":"ImageObject","inLanguage":"en-GB","@id":"https:\/\/kalixlinjen.se\/flygfartyg\/#primaryimage","url":"https:\/\/kalixlinjen.se\/wp-content\/uploads\/2023\/05\/cropped-IMG_20220929_120333-scaled-1.jpg","contentUrl":"https:\/\/kalixlinjen.se\/wp-content\/uploads\/2023\/05\/cropped-IMG_20220929_120333-scaled-1.jpg"},{"@type":"BreadcrumbList","@id":"https:\/\/kalixlinjen.se\/flygfartyg\/#breadcrumb","itemListElement":[{"@type":"ListItem","position":1,"name":"Hem","item":"https:\/\/kalixlinjen.se\/"},{"@type":"ListItem","position":2,"name":"Luft och vatten"}]},{"@type":"WebSite","@id":"https:\/\/kalixlinjen.se\/#website","url":"https:\/\/kalixlinjen.se\/","name":"The Kalix line museum","description":"St\u00f6rst och hemligast!","publisher":{"@id":"https:\/\/kalixlinjen.se\/#organization"},"potentialAction":[{"@type":"SearchAction","target":{"@type":"EntryPoint","urlTemplate":"https:\/\/kalixlinjen.se\/?s={search_term_string}"},"query-input":{"@type":"PropertyValueSpecification","valueRequired":true,"valueName":"search_term_string"}}],"inLanguage":"en-GB"},{"@type":"Organization","@id":"https:\/\/kalixlinjen.se\/#organization","name":"The Kalix line museum","url":"https:\/\/kalixlinjen.se\/","logo":{"@type":"ImageObject","inLanguage":"en-GB","@id":"https:\/\/kalixlinjen.se\/#\/schema\/logo\/image\/","url":"https:\/\/kalixlinjen.se\/wp-content\/uploads\/2022\/11\/cropped-cropped-cropped-cropped-loggo.png","contentUrl":"https:\/\/kalixlinjen.se\/wp-content\/uploads\/2022\/11\/cropped-cropped-cropped-cropped-loggo.png","width":512,"height":512,"caption":"Kalixlinjens museum"},"image":{"@id":"https:\/\/kalixlinjen.se\/#\/schema\/logo\/image\/"},"sameAs":["https:\/\/www.facebook.com\/kalixlinjensmuseum","https:\/\/www.instagram.com\/kalixlinjens_museum\/"]}]}},"_links":{"self":[{"href":"https:\/\/kalixlinjen.se\/en\/wp-json\/wp\/v2\/pages\/2635","targetHints":{"allow":["GET"]}}],"collection":[{"href":"https:\/\/kalixlinjen.se\/en\/wp-json\/wp\/v2\/pages"}],"about":[{"href":"https:\/\/kalixlinjen.se\/en\/wp-json\/wp\/v2\/types\/page"}],"author":[{"embeddable":true,"href":"https:\/\/kalixlinjen.se\/en\/wp-json\/wp\/v2\/users\/1"}],"replies":[{"embeddable":true,"href":"https:\/\/kalixlinjen.se\/en\/wp-json\/wp\/v2\/comments?post=2635"}],"version-history":[{"count":8,"href":"https:\/\/kalixlinjen.se\/en\/wp-json\/wp\/v2\/pages\/2635\/revisions"}],"predecessor-version":[{"id":4709,"href":"https:\/\/kalixlinjen.se\/en\/wp-json\/wp\/v2\/pages\/2635\/revisions\/4709"}],"wp:attachment":[{"href":"https:\/\/kalixlinjen.se\/en\/wp-json\/wp\/v2\/media?parent=2635"}],"curies":[{"name":"wp","href":"https:\/\/api.w.org\/{rel}","templated":true}]}}