{"id":2342,"date":"2023-05-22T13:03:57","date_gmt":"2023-05-22T13:03:57","guid":{"rendered":"https:\/\/kalixlinjen.se\/?page_id=2342"},"modified":"2024-10-21T12:51:24","modified_gmt":"2024-10-21T12:51:24","slug":"elverkskarra","status":"publish","type":"page","link":"https:\/\/kalixlinjen.se\/en\/elverkskarra\/","title":{"rendered":"TRAILER-MOUNTED GENERATOR"},"content":{"rendered":"<div data-colibri-id=\"2342-c1\" class=\"style-1880 style-local-2342-c1 position-relative\">\n  <!---->\n  <div data-colibri-component=\"section\" data-colibri-id=\"2342-c2\" id=\"reusable-sections\" class=\"h-section h-section-global-spacing d-flex align-items-lg-center align-items-md-center align-items-center style-1881 style-local-2342-c2 position-relative\">\n    <!---->\n    <!---->\n    <div class=\"h-section-grid-container h-section-boxed-container\">\n      <div data-colibri-id=\"2342-c14\" class=\"h-row-container gutters-row-lg-2 gutters-row-md-2 gutters-row-2 gutters-row-v-lg-2 gutters-row-v-md-2 gutters-row-v-2 style-1895 style-local-2342-c14 position-relative\">\n        <!---->\n        <div class=\"h-row justify-content-lg-center justify-content-md-center justify-content-center align-items-lg-stretch align-items-md-stretch align-items-stretch gutters-col-lg-2 gutters-col-md-2 gutters-col-2 gutters-col-v-lg-2 gutters-col-v-md-2 gutters-col-v-2\">\n          <!---->\n          <div class=\"h-column h-column-container d-flex h-col-lg-auto h-col-md-auto h-col-auto style-1896-outer style-local-2342-c15-outer\">\n            <div data-colibri-id=\"2342-c15\" class=\"d-flex h-flex-basis h-column__inner h-px-lg-2 h-px-md-2 h-px-2 v-inner-lg-2 v-inner-md-2 v-inner-2 style-1896 style-local-2342-c15 position-relative\">\n              <!---->\n              <!---->\n              <div class=\"w-100 h-y-container h-column__content h-column__v-align flex-basis-100 align-self-lg-start align-self-md-start align-self-start\">\n                <!---->\n                <div data-colibri-id=\"2342-c16\" class=\"h-global-transition-all h-heading style-1897 style-local-2342-c16 position-relative h-element\">\n                  <!---->\n                  <div class=\"h-heading__outer style-1897 style-local-2342-c16\">\n                    <!---->\n                    <!---->\n                    <h1 class=\"\">ELVK\u00c4RRA 15KVA C MT<\/h1>\n                  <\/div>\n                <\/div>\n                <div data-colibri-id=\"2342-c18\" class=\"h-global-transition-all h-heading style-2731 style-local-2342-c18 position-relative h-element\">\n                  <!---->\n                  <div class=\"h-heading__outer style-2731 style-local-2342-c18\">\n                    <!---->\n                    <!---->\n                    <h4 class=\"\">TRAILER-MOUNTED GENERATOR 15kva c mt<\/h4>\n                  <\/div>\n                <\/div>\n              <\/div>\n            <\/div>\n          <\/div>\n        <\/div>\n      <\/div>\n      <div data-colibri-id=\"2342-c3\" class=\"h-row-container gutters-row-lg-2 gutters-row-md-2 gutters-row-0 gutters-row-v-lg-2 gutters-row-v-md-2 gutters-row-v-2 style-1882 style-local-2342-c3 position-relative\">\n        <!---->\n        <div class=\"h-row justify-content-lg-center justify-content-md-center justify-content-center align-items-lg-stretch align-items-md-stretch align-items-stretch gutters-col-lg-2 gutters-col-md-2 gutters-col-0 gutters-col-v-lg-2 gutters-col-v-md-2 gutters-col-v-2\">\n          <!---->\n          <div class=\"h-column h-column-container d-flex h-col-lg-auto h-col-md-auto h-col-auto style-1883-outer style-local-2342-c4-outer\">\n            <div data-colibri-id=\"2342-c4\" class=\"d-flex h-flex-basis h-column__inner h-px-lg-2 h-px-md-2 h-px-2 v-inner-lg-2 v-inner-md-2 v-inner-2 style-1883 style-local-2342-c4 position-relative\">\n              <!---->\n              <!---->\n              <div class=\"w-100 h-y-container h-column__content h-column__v-align flex-basis-100 align-self-lg-start align-self-md-start align-self-start\">\n                <!---->\n                <div data-colibri-id=\"2342-c5\" class=\"h-text h-text-component style-1884 style-local-2342-c5 position-relative h-element\">\n                  <!---->\n                  <!---->\n                  <div class=\"\">\n                    <p>The Trailer-mounted generator 15KVA C MT is a mobile power generator used by the Swedish military to supply electricity to equipment in field conditions.&nbsp;<\/p>\n                    <p>The trailer includes a motor, generator, fuel tank, control panel, and other components required for operation.&nbsp;<\/p>\n                    <p>While generally reliable, it had a known issue in winter where ice could form in the fuel system, leading to blockages. Despite this, it was valued for its operational dependability.<\/p>\n                    <p>\n                      <br>\n                    <\/p>\n                  <\/div>\n                <\/div>\n              <\/div>\n            <\/div>\n          <\/div>\n          <div class=\"h-column h-column-container d-flex h-col-lg-auto h-col-md-auto h-col-auto style-1885-outer style-local-2342-c6-outer\">\n            <div data-colibri-id=\"2342-c6\" class=\"d-flex h-flex-basis h-column__inner h-ui-empty-state-container h-px-lg-2 h-px-md-2 h-px-2 v-inner-lg-2 v-inner-md-2 v-inner-2 style-1885 style-local-2342-c6 position-relative\">\n              <!---->\n              <!---->\n              <div class=\"w-100 h-y-container h-column__content h-column__v-align flex-basis-100\">\n                <!---->\n              <\/div>\n            <\/div>\n          <\/div>\n        <\/div>\n      <\/div>\n      <div data-colibri-id=\"2342-c7\" class=\"h-row-container gutters-row-lg-2 gutters-row-md-2 gutters-row-0 gutters-row-v-lg-2 gutters-row-v-md-2 gutters-row-v-2 style-1888 style-local-2342-c7 position-relative\">\n        <!---->\n        <div class=\"h-row justify-content-lg-center justify-content-md-center justify-content-center align-items-lg-stretch align-items-md-stretch align-items-stretch gutters-col-lg-2 gutters-col-md-2 gutters-col-0 gutters-col-v-lg-2 gutters-col-v-md-2 gutters-col-v-2\">\n          <!---->\n          <div class=\"h-column h-column-container d-flex h-col-lg-auto h-col-md-auto h-col-auto style-1889-outer style-local-2342-c8-outer\">\n            <div data-colibri-id=\"2342-c8\" class=\"d-flex h-flex-basis h-column__inner h-px-lg-2 h-px-md-2 h-px-2 v-inner-lg-2 v-inner-md-2 v-inner-2 style-1889 style-local-2342-c8 position-relative\">\n              <!---->\n              <!---->\n              <div class=\"w-100 h-y-container h-column__content h-column__v-align flex-basis-100 align-self-lg-start align-self-md-start align-self-start\">\n                <!---->\n                <div data-colibri-component=\"\" data-colibri-id=\"2342-c9\" class=\"h-photo-gallery margin-none caption-displayTrue caption-vertical-align-top style-1890 style-local-2342-c9 h-overflow-hidden position-relative h-element\">\n                  <!---->\n                  <div class=\"h-global-transition-all\"><div id='colibri-2342-c9' class='gallery-wrapper'>    <style type=\"text\/css\">\n\n        @media (min-width: 1023px) {        #colibri-2342-c9        dl {\n            float: left;\n            width: 25% !important;\n            max-width: 25% !important;\n            min-width: 25% !important;\n        }\n\n        #colibri-2342-c9        dl:nth-of-type(4n +1 ) {\n            clear: both;\n        }\n\n        }@media (min-width: 768px) and (max-width: 1023px) {        #colibri-2342-c9        dl {\n            float: left;\n            width: 25% !important;\n            max-width: 25% !important;\n            min-width: 25% !important;\n        }\n\n        #colibri-2342-c9        dl:nth-of-type(4n +1 ) {\n            clear: both;\n        }\n\n        }@media (max-width: 767px) {        #colibri-2342-c9        dl {\n            float: left;\n            width: 50% !important;\n            max-width: 50% !important;\n            min-width: 50% !important;\n        }\n\n        #colibri-2342-c9        dl:nth-of-type(2n +1 ) {\n            clear: both;\n        }\n\n        }\n        #colibri-2342-c9        .gallery-item {\n            position: relative;\n        }\n\n        \n    <\/style>\n    <div   class='colibri-2342-c9-dls-wrapper gallery-items-wrapper' ><dl class='gallery-item masonry-item'>\n\t\t\t<dt class='gallery-icon portrait'>\n\t\t\t\t<a data-fancybox=\"colibri-2342-c9-group\" href='https:\/\/kalixlinjen.se\/wp-content\/uploads\/2023\/05\/IMG_20230530_105341-scaled.jpg'><img loading=\"lazy\" decoding=\"async\"  width=\"225\" height=\"300\" src=\"https:\/\/kalixlinjen.se\/wp-content\/uploads\/2023\/05\/IMG_20230530_105341-225x300.jpg\"  class='colibri-2342-c9-image' alt=\"\" aria-describedby=\"gallery-1-3144\" srcset=\"https:\/\/kalixlinjen.se\/wp-content\/uploads\/2023\/05\/IMG_20230530_105341-225x300.jpg 225w, https:\/\/kalixlinjen.se\/wp-content\/uploads\/2023\/05\/IMG_20230530_105341-768x1024.jpg 768w, https:\/\/kalixlinjen.se\/wp-content\/uploads\/2023\/05\/IMG_20230530_105341-1152x1536.jpg 1152w, https:\/\/kalixlinjen.se\/wp-content\/uploads\/2023\/05\/IMG_20230530_105341-1536x2048.jpg 1536w, https:\/\/kalixlinjen.se\/wp-content\/uploads\/2023\/05\/IMG_20230530_105341-scaled.jpg 1920w\" sizes=\"auto, (max-width: 225px) 100vw, 225px\" \/><\/a>\n\t\t\t<\/dt>\n\t\t\t\t<div class=\"gallery-caption__wrapper\"><dd class='wp-caption-text gallery-caption' id='gallery-1-3144'>\n\t\t\t\tElverksk\u00e4rra 15 KVA C\n\t\t\t\t<\/dd><\/div><\/dl><dl class='gallery-item masonry-item'>\n\t\t\t<dt class='gallery-icon landscape'>\n\t\t\t\t<a data-fancybox=\"colibri-2342-c9-group\" href='https:\/\/kalixlinjen.se\/wp-content\/uploads\/2023\/05\/IMG_20230530_105404-scaled.jpg'><img loading=\"lazy\" decoding=\"async\"  width=\"300\" height=\"225\" src=\"https:\/\/kalixlinjen.se\/wp-content\/uploads\/2023\/05\/IMG_20230530_105404-300x225.jpg\"  class='colibri-2342-c9-image' alt=\"\" aria-describedby=\"gallery-1-3146\" srcset=\"https:\/\/kalixlinjen.se\/wp-content\/uploads\/2023\/05\/IMG_20230530_105404-300x225.jpg 300w, https:\/\/kalixlinjen.se\/wp-content\/uploads\/2023\/05\/IMG_20230530_105404-1024x768.jpg 1024w, https:\/\/kalixlinjen.se\/wp-content\/uploads\/2023\/05\/IMG_20230530_105404-768x576.jpg 768w, https:\/\/kalixlinjen.se\/wp-content\/uploads\/2023\/05\/IMG_20230530_105404-1536x1152.jpg 1536w, https:\/\/kalixlinjen.se\/wp-content\/uploads\/2023\/05\/IMG_20230530_105404-2048x1536.jpg 2048w\" sizes=\"auto, (max-width: 300px) 100vw, 300px\" \/><\/a>\n\t\t\t<\/dt>\n\t\t\t\t<div class=\"gallery-caption__wrapper\"><dd class='wp-caption-text gallery-caption' id='gallery-1-3146'>\n\t\t\t\tElverksk\u00e4rra 15 KVA C\n\t\t\t\t<\/dd><\/div><\/dl><dl class='gallery-item masonry-item'>\n\t\t\t<dt class='gallery-icon portrait'>\n\t\t\t\t<a data-fancybox=\"colibri-2342-c9-group\" href='https:\/\/kalixlinjen.se\/wp-content\/uploads\/2023\/05\/IMG_20230530_105450-scaled.jpg'><img loading=\"lazy\" decoding=\"async\"  width=\"225\" height=\"300\" src=\"https:\/\/kalixlinjen.se\/wp-content\/uploads\/2023\/05\/IMG_20230530_105450-225x300.jpg\"  class='colibri-2342-c9-image' alt=\"\" aria-describedby=\"gallery-1-3148\" srcset=\"https:\/\/kalixlinjen.se\/wp-content\/uploads\/2023\/05\/IMG_20230530_105450-225x300.jpg 225w, https:\/\/kalixlinjen.se\/wp-content\/uploads\/2023\/05\/IMG_20230530_105450-768x1024.jpg 768w, https:\/\/kalixlinjen.se\/wp-content\/uploads\/2023\/05\/IMG_20230530_105450-1152x1536.jpg 1152w, https:\/\/kalixlinjen.se\/wp-content\/uploads\/2023\/05\/IMG_20230530_105450-1536x2048.jpg 1536w, https:\/\/kalixlinjen.se\/wp-content\/uploads\/2023\/05\/IMG_20230530_105450-scaled.jpg 1920w\" sizes=\"auto, (max-width: 225px) 100vw, 225px\" \/><\/a>\n\t\t\t<\/dt>\n\t\t\t\t<div class=\"gallery-caption__wrapper\"><dd class='wp-caption-text gallery-caption' id='gallery-1-3148'>\n\t\t\t\tElverksk\u00e4rra 15 KVA C\n\t\t\t\t<\/dd><\/div><\/dl>\n\t\t\t\n\t\t<\/div>\n<style>#colibri-2342-c9 .wp-caption-text.gallery-caption{display:none;}<\/style><\/div><\/div>\n                <\/div>\n              <\/div>\n            <\/div>\n          <\/div>\n        <\/div>\n      <\/div>\n      <div data-colibri-id=\"2342-c10\" class=\"h-row-container gutters-row-lg-2 gutters-row-md-2 gutters-row-0 gutters-row-v-lg-2 gutters-row-v-md-2 gutters-row-v-2 style-1891 style-local-2342-c10 position-relative\">\n        <!---->\n        <div class=\"h-row justify-content-lg-center justify-content-md-center justify-content-center align-items-lg-stretch align-items-md-stretch align-items-stretch gutters-col-lg-2 gutters-col-md-2 gutters-col-0 gutters-col-v-lg-2 gutters-col-v-md-2 gutters-col-v-2\">\n          <!---->\n          <div class=\"h-column h-column-container d-flex h-col-lg-auto h-col-md-auto h-col-auto style-1892-outer style-local-2342-c11-outer\">\n            <div data-colibri-id=\"2342-c11\" class=\"d-flex h-flex-basis h-column__inner h-px-lg-2 h-px-md-2 h-px-2 v-inner-lg-2 v-inner-md-2 v-inner-2 style-1892 style-local-2342-c11 position-relative\">\n              <!---->\n              <!---->\n              <div class=\"w-100 h-y-container h-column__content h-column__v-align flex-basis-100 align-self-lg-start align-self-md-start align-self-start\">\n                <!---->\n                <div data-colibri-id=\"2342-c12\" class=\"h-text h-text-component style-1893 style-local-2342-c12 position-relative h-element\">\n                  <!---->\n                  <!---->\n                  <div class=\"\">\n                    <p>Reg. No<\/p>\n                    <p>198772<\/p>\n                    <p>M2650-744031<\/p>\n                    <p>ELVK\u00c4RRA 15 KVA C MT<\/p>\n                    <p>Assigned<\/p>\n                    <p>F\u00d6RSA NORR<\/p>\n                    <p>Vehicle type<\/p>\n                    <p>TOWABLE<\/p>\n                    <p>Manufacturer\/type<\/p>\n                    <p>ASJ (Aktiebolaget Svenska J\u00e4rnv\u00e4gsverkst\u00e4derna)<\/p>\n                    <p>Model year<\/p>\n                    <p>1972<\/p>\n                    <p>Chassis number<\/p>\n                    <p>29-6489-29<\/p>\n                    <p>Reference number<\/p>\n                    <p>12118<\/p>\n                    <p>Date of registration<\/p>\n                    <p>1972-10-19<\/p>\n                    <p>User<\/p>\n                    <p>488<\/p>\n                    <p>Deregistered<\/p>\n                    <p>INVAV 07035315L<\/p>\n                    <p>VREG STIG-G\u00d6RAN KYR\u00d6<\/p>\n                    <p>Vehicle body<\/p>\n                    <p>98 MISCELLANEOUS<\/p>\n                    <p>Length<\/p>\n                    <p>4,05<\/p>\n                    <p>Width<\/p>\n                    <p>1,95<\/p>\n                    <p>Numbers of axles<\/p>\n                    <p>1<\/p>\n                    <p>Numbers of tires<\/p>\n                    <p>2<\/p>\n                    <p>Tyre dimension back<\/p>\n                    <p>7,50-16<\/p>\n                    <p>Curb weight (kg)<\/p>\n                    <p>1880<\/p>\n                    <p>Gross vehicle weight<\/p>\n                    <p>1880<\/p>\n                    <p>Curb weight distribution<\/p>\n                    <p>120+1760<\/p>\n                    <p>Hitch type<\/p>\n                    <p>LUNETTE RING<\/p>\n                    <p>Clutch pedal travel<\/p>\n                    <p>2,65<\/p>\n                    <p>Break system<\/p>\n                    <p>YES<\/p>\n                    <p>Gross weight distribution<\/p>\n                    <p>120+1760<\/p>\n                    <p>Additional information<\/p>\n                    <p>YES<\/p>\n                    <p>TRAILER-MOUNTED GENERATOR. CHASSIS NUMBER PLACED ON THE MOUNT FOR THE LUNETTE RING AND ON A PLATE ON THE LEFT SIDE FRAME BEAM<\/p>\n                    <p>\n                      <br>\n                    <\/p>\n                  <\/div>\n                <\/div>\n              <\/div>\n            <\/div>\n          <\/div>\n          <div class=\"h-column h-column-container d-flex h-col-lg-auto h-col-md-auto h-col-auto style-1894-outer style-local-2342-c13-outer\">\n            <div data-colibri-id=\"2342-c13\" class=\"d-flex h-flex-basis h-column__inner h-ui-empty-state-container h-px-lg-2 h-px-md-2 h-px-2 v-inner-lg-2 v-inner-md-2 v-inner-2 style-1894 style-local-2342-c13 position-relative\">\n              <!---->\n              <!---->\n              <div class=\"w-100 h-y-container h-column__content h-column__v-align flex-basis-100\">\n                <!---->\n              <\/div>\n            <\/div>\n          <\/div>\n        <\/div>\n      <\/div>\n    <\/div>\n  <\/div>\n<\/div>","protected":false},"excerpt":{"rendered":"<p>ELVK\u00c4RRA 15KVA C MT ELVERKSK\u00c4RRA 15kva c mt Elverksk\u00e4rra 15KVA C MT kan f\u00f6rse eldrivet materiel med str\u00f6m \u00e4ven under f\u00e4ltf\u00f6rh\u00e5llanden.&nbsp; K\u00e4rran inneh\u00e5ller motor, generator, br\u00e4nsletank, instrumenttavla och annat som beh\u00f6vdes f\u00f6r att elverket ska fungera och man\u00f6vreras.&nbsp; ELVK\u00c4RRA 15 KVA r\u00e4knades som drifts\u00e4ker, men vintertid fanns risk f\u00f6r isproppar i br\u00e4nslesystemet. Regnr 198772 M2650-744031 [&hellip;]<\/p>\n","protected":false},"author":1,"featured_media":0,"parent":0,"menu_order":0,"comment_status":"closed","ping_status":"closed","template":"page-templates\/full-width-page.php","meta":{"_kadence_starter_templates_imported_post":false,"footnotes":""},"class_list":["post-2342","page","type-page","status-publish","hentry"],"yoast_head":"<!-- This site is optimized with the Yoast SEO plugin v27.5 - https:\/\/yoast.com\/product\/yoast-seo-wordpress\/ -->\n<title>ELVERKSK\u00c4RRA - Kalixlinjens museum<\/title>\n<meta name=\"robots\" content=\"index, follow, max-snippet:-1, max-image-preview:large, max-video-preview:-1\" \/>\n<link rel=\"canonical\" href=\"https:\/\/kalixlinjen.se\/en\/elverkskarra\/\" \/>\n<meta property=\"og:locale\" content=\"en_GB\" \/>\n<meta property=\"og:type\" content=\"article\" \/>\n<meta property=\"og:title\" content=\"ELVERKSK\u00c4RRA - Kalixlinjens museum\" \/>\n<meta property=\"og:description\" content=\"ELVK\u00c4RRA 15KVA C MT ELVERKSK\u00c4RRA 15kva c mt Elverksk\u00e4rra 15KVA C MT kan f\u00f6rse eldrivet materiel med str\u00f6m \u00e4ven under f\u00e4ltf\u00f6rh\u00e5llanden.&nbsp; K\u00e4rran inneh\u00e5ller motor, generator, br\u00e4nsletank, instrumenttavla och annat som beh\u00f6vdes f\u00f6r att elverket ska fungera och man\u00f6vreras.&nbsp; ELVK\u00c4RRA 15 KVA r\u00e4knades som drifts\u00e4ker, men vintertid fanns risk f\u00f6r isproppar i br\u00e4nslesystemet. Regnr 198772 M2650-744031 [&hellip;]\" \/>\n<meta property=\"og:url\" content=\"https:\/\/kalixlinjen.se\/en\/elverkskarra\/\" \/>\n<meta property=\"og:site_name\" content=\"Kalixlinjens museum\" \/>\n<meta property=\"article:publisher\" content=\"https:\/\/www.facebook.com\/kalixlinjensmuseum\" \/>\n<meta property=\"article:modified_time\" content=\"2024-10-21T12:51:24+00:00\" \/>\n<meta name=\"twitter:card\" content=\"summary_large_image\" \/>\n<script type=\"application\/ld+json\" class=\"yoast-schema-graph\">{\"@context\":\"https:\\\/\\\/schema.org\",\"@graph\":[{\"@type\":\"WebPage\",\"@id\":\"https:\\\/\\\/kalixlinjen.se\\\/elverkskarra\\\/\",\"url\":\"https:\\\/\\\/kalixlinjen.se\\\/elverkskarra\\\/\",\"name\":\"ELVERKSK\u00c4RRA - Kalixlinjens museum\",\"isPartOf\":{\"@id\":\"https:\\\/\\\/kalixlinjen.se\\\/#website\"},\"datePublished\":\"2023-05-22T13:03:57+00:00\",\"dateModified\":\"2024-10-21T12:51:24+00:00\",\"breadcrumb\":{\"@id\":\"https:\\\/\\\/kalixlinjen.se\\\/elverkskarra\\\/#breadcrumb\"},\"inLanguage\":\"en-GB\",\"potentialAction\":[{\"@type\":\"ReadAction\",\"target\":[\"https:\\\/\\\/kalixlinjen.se\\\/elverkskarra\\\/\"]}]},{\"@type\":\"BreadcrumbList\",\"@id\":\"https:\\\/\\\/kalixlinjen.se\\\/elverkskarra\\\/#breadcrumb\",\"itemListElement\":[{\"@type\":\"ListItem\",\"position\":1,\"name\":\"Hem\",\"item\":\"https:\\\/\\\/kalixlinjen.se\\\/\"},{\"@type\":\"ListItem\",\"position\":2,\"name\":\"ELVERKSK\u00c4RRA\"}]},{\"@type\":\"WebSite\",\"@id\":\"https:\\\/\\\/kalixlinjen.se\\\/#website\",\"url\":\"https:\\\/\\\/kalixlinjen.se\\\/\",\"name\":\"Kalixlinjens museum\",\"description\":\"St\u00f6rst och hemligast!\",\"publisher\":{\"@id\":\"https:\\\/\\\/kalixlinjen.se\\\/#organization\"},\"potentialAction\":[{\"@type\":\"SearchAction\",\"target\":{\"@type\":\"EntryPoint\",\"urlTemplate\":\"https:\\\/\\\/kalixlinjen.se\\\/?s={search_term_string}\"},\"query-input\":{\"@type\":\"PropertyValueSpecification\",\"valueRequired\":true,\"valueName\":\"search_term_string\"}}],\"inLanguage\":\"en-GB\"},{\"@type\":\"Organization\",\"@id\":\"https:\\\/\\\/kalixlinjen.se\\\/#organization\",\"name\":\"Kalixlinjens museum\",\"url\":\"https:\\\/\\\/kalixlinjen.se\\\/\",\"logo\":{\"@type\":\"ImageObject\",\"inLanguage\":\"en-GB\",\"@id\":\"https:\\\/\\\/kalixlinjen.se\\\/#\\\/schema\\\/logo\\\/image\\\/\",\"url\":\"https:\\\/\\\/kalixlinjen.se\\\/wp-content\\\/uploads\\\/2022\\\/11\\\/cropped-cropped-cropped-cropped-loggo.png\",\"contentUrl\":\"https:\\\/\\\/kalixlinjen.se\\\/wp-content\\\/uploads\\\/2022\\\/11\\\/cropped-cropped-cropped-cropped-loggo.png\",\"width\":512,\"height\":512,\"caption\":\"Kalixlinjens museum\"},\"image\":{\"@id\":\"https:\\\/\\\/kalixlinjen.se\\\/#\\\/schema\\\/logo\\\/image\\\/\"},\"sameAs\":[\"https:\\\/\\\/www.facebook.com\\\/kalixlinjensmuseum\",\"https:\\\/\\\/www.instagram.com\\\/kalixlinjens_museum\\\/\"]}]}<\/script>\n<!-- \/ Yoast SEO plugin. -->","yoast_head_json":{"title":"ELVERKSK\u00c4RRA - Kalixlinjens museum","robots":{"index":"index","follow":"follow","max-snippet":"max-snippet:-1","max-image-preview":"max-image-preview:large","max-video-preview":"max-video-preview:-1"},"canonical":"https:\/\/kalixlinjen.se\/en\/elverkskarra\/","og_locale":"en_GB","og_type":"article","og_title":"ELVERKSK\u00c4RRA - Kalixlinjens museum","og_description":"ELVK\u00c4RRA 15KVA C MT ELVERKSK\u00c4RRA 15kva c mt Elverksk\u00e4rra 15KVA C MT kan f\u00f6rse eldrivet materiel med str\u00f6m \u00e4ven under f\u00e4ltf\u00f6rh\u00e5llanden.&nbsp; K\u00e4rran inneh\u00e5ller motor, generator, br\u00e4nsletank, instrumenttavla och annat som beh\u00f6vdes f\u00f6r att elverket ska fungera och man\u00f6vreras.&nbsp; ELVK\u00c4RRA 15 KVA r\u00e4knades som drifts\u00e4ker, men vintertid fanns risk f\u00f6r isproppar i br\u00e4nslesystemet. Regnr 198772 M2650-744031 [&hellip;]","og_url":"https:\/\/kalixlinjen.se\/en\/elverkskarra\/","og_site_name":"Kalixlinjens museum","article_publisher":"https:\/\/www.facebook.com\/kalixlinjensmuseum","article_modified_time":"2024-10-21T12:51:24+00:00","twitter_card":"summary_large_image","schema":{"@context":"https:\/\/schema.org","@graph":[{"@type":"WebPage","@id":"https:\/\/kalixlinjen.se\/elverkskarra\/","url":"https:\/\/kalixlinjen.se\/elverkskarra\/","name":"ELVERKSK\u00c4RRA - Kalixlinjens museum","isPartOf":{"@id":"https:\/\/kalixlinjen.se\/#website"},"datePublished":"2023-05-22T13:03:57+00:00","dateModified":"2024-10-21T12:51:24+00:00","breadcrumb":{"@id":"https:\/\/kalixlinjen.se\/elverkskarra\/#breadcrumb"},"inLanguage":"en-GB","potentialAction":[{"@type":"ReadAction","target":["https:\/\/kalixlinjen.se\/elverkskarra\/"]}]},{"@type":"BreadcrumbList","@id":"https:\/\/kalixlinjen.se\/elverkskarra\/#breadcrumb","itemListElement":[{"@type":"ListItem","position":1,"name":"Hem","item":"https:\/\/kalixlinjen.se\/"},{"@type":"ListItem","position":2,"name":"ELVERKSK\u00c4RRA"}]},{"@type":"WebSite","@id":"https:\/\/kalixlinjen.se\/#website","url":"https:\/\/kalixlinjen.se\/","name":"The Kalix line museum","description":"St\u00f6rst och hemligast!","publisher":{"@id":"https:\/\/kalixlinjen.se\/#organization"},"potentialAction":[{"@type":"SearchAction","target":{"@type":"EntryPoint","urlTemplate":"https:\/\/kalixlinjen.se\/?s={search_term_string}"},"query-input":{"@type":"PropertyValueSpecification","valueRequired":true,"valueName":"search_term_string"}}],"inLanguage":"en-GB"},{"@type":"Organization","@id":"https:\/\/kalixlinjen.se\/#organization","name":"The Kalix line museum","url":"https:\/\/kalixlinjen.se\/","logo":{"@type":"ImageObject","inLanguage":"en-GB","@id":"https:\/\/kalixlinjen.se\/#\/schema\/logo\/image\/","url":"https:\/\/kalixlinjen.se\/wp-content\/uploads\/2022\/11\/cropped-cropped-cropped-cropped-loggo.png","contentUrl":"https:\/\/kalixlinjen.se\/wp-content\/uploads\/2022\/11\/cropped-cropped-cropped-cropped-loggo.png","width":512,"height":512,"caption":"Kalixlinjens museum"},"image":{"@id":"https:\/\/kalixlinjen.se\/#\/schema\/logo\/image\/"},"sameAs":["https:\/\/www.facebook.com\/kalixlinjensmuseum","https:\/\/www.instagram.com\/kalixlinjens_museum\/"]}]}},"_links":{"self":[{"href":"https:\/\/kalixlinjen.se\/en\/wp-json\/wp\/v2\/pages\/2342","targetHints":{"allow":["GET"]}}],"collection":[{"href":"https:\/\/kalixlinjen.se\/en\/wp-json\/wp\/v2\/pages"}],"about":[{"href":"https:\/\/kalixlinjen.se\/en\/wp-json\/wp\/v2\/types\/page"}],"author":[{"embeddable":true,"href":"https:\/\/kalixlinjen.se\/en\/wp-json\/wp\/v2\/users\/1"}],"replies":[{"embeddable":true,"href":"https:\/\/kalixlinjen.se\/en\/wp-json\/wp\/v2\/comments?post=2342"}],"version-history":[{"count":7,"href":"https:\/\/kalixlinjen.se\/en\/wp-json\/wp\/v2\/pages\/2342\/revisions"}],"predecessor-version":[{"id":5357,"href":"https:\/\/kalixlinjen.se\/en\/wp-json\/wp\/v2\/pages\/2342\/revisions\/5357"}],"wp:attachment":[{"href":"https:\/\/kalixlinjen.se\/en\/wp-json\/wp\/v2\/media?parent=2342"}],"curies":[{"name":"wp","href":"https:\/\/api.w.org\/{rel}","templated":true}]}}