{"id":1802,"date":"2023-05-03T13:16:58","date_gmt":"2023-05-03T13:16:58","guid":{"rendered":"https:\/\/kalixlinjen.se\/?page_id=1802"},"modified":"2024-10-21T11:57:34","modified_gmt":"2024-10-21T11:57:34","slug":"bandvagnskokkarra-121-mt","status":"publish","type":"page","link":"https:\/\/kalixlinjen.se\/en\/bandvagnskokkarra-121-mt\/","title":{"rendered":"KITCHEN TRAILER 121 MT"},"content":{"rendered":"<div data-colibri-id=\"1802-c1\" class=\"style-1609 style-local-1802-c1 position-relative\">\n  <!---->\n  <div data-colibri-component=\"section\" data-colibri-id=\"1802-c2\" id=\"reusable-sections\" class=\"h-section h-section-global-spacing d-flex align-items-lg-center align-items-md-center align-items-center style-1610 style-local-1802-c2 position-relative\">\n    <!---->\n    <!---->\n    <div class=\"h-section-grid-container h-section-boxed-container\">\n      <div data-colibri-id=\"1802-c17\" class=\"h-row-container gutters-row-lg-2 gutters-row-md-2 gutters-row-2 gutters-row-v-lg-2 gutters-row-v-md-2 gutters-row-v-2 style-1624 style-local-1802-c17 position-relative\">\n        <!---->\n        <div class=\"h-row justify-content-lg-center justify-content-md-center justify-content-center align-items-lg-stretch align-items-md-stretch align-items-stretch gutters-col-lg-2 gutters-col-md-2 gutters-col-2 gutters-col-v-lg-2 gutters-col-v-md-2 gutters-col-v-2\">\n          <!---->\n          <div class=\"h-column h-column-container d-flex h-col-lg-auto h-col-md-auto h-col-auto style-1625-outer style-local-1802-c18-outer\">\n            <div data-colibri-id=\"1802-c18\" class=\"d-flex h-flex-basis h-column__inner h-px-lg-2 h-px-md-2 h-px-2 v-inner-lg-2 v-inner-md-2 v-inner-2 style-1625 style-local-1802-c18 position-relative\">\n              <!---->\n              <!---->\n              <div class=\"w-100 h-y-container h-column__content h-column__v-align flex-basis-100 align-self-lg-start align-self-md-start align-self-start\">\n                <!---->\n                <div data-colibri-id=\"1802-c19\" class=\"h-global-transition-all h-heading style-1626 style-local-1802-c19 position-relative h-element\">\n                  <!---->\n                  <div class=\"h-heading__outer style-1626 style-local-1802-c19\">\n                    <!---->\n                    <!---->\n                    <h1 class=\"\">BVKOKK\u00c4RRA 121 MT<\/h1>\n                  <\/div>\n                <\/div>\n                <div data-colibri-id=\"1802-c21\" class=\"h-global-transition-all h-heading style-2720 style-local-1802-c21 position-relative h-element\">\n                  <!---->\n                  <div class=\"h-heading__outer style-2720 style-local-1802-c21\">\n                    <!---->\n                    <!---->\n                    <h4 class=\"\">KITCHEN TRAILER 121 MT<\/h4>\n                  <\/div>\n                <\/div>\n              <\/div>\n            <\/div>\n          <\/div>\n        <\/div>\n      <\/div>\n      <div data-colibri-id=\"1802-c3\" class=\"h-row-container gutters-row-lg-2 gutters-row-md-2 gutters-row-0 gutters-row-v-lg-2 gutters-row-v-md-2 gutters-row-v-2 style-1611 style-local-1802-c3 position-relative\">\n        <!---->\n        <div class=\"h-row justify-content-lg-center justify-content-md-center justify-content-center align-items-lg-stretch align-items-md-stretch align-items-stretch gutters-col-lg-2 gutters-col-md-2 gutters-col-0 gutters-col-v-lg-2 gutters-col-v-md-2 gutters-col-v-2\">\n          <!---->\n          <div class=\"h-column h-column-container d-flex h-col-lg-auto h-col-md-auto h-col-auto style-1612-outer style-local-1802-c4-outer\">\n            <div data-colibri-id=\"1802-c4\" class=\"d-flex h-flex-basis h-column__inner h-px-lg-2 h-px-md-2 h-px-2 v-inner-lg-2 v-inner-md-2 v-inner-2 style-1612 style-local-1802-c4 position-relative\">\n              <!---->\n              <!---->\n              <div class=\"w-100 h-y-container h-column__content h-column__v-align flex-basis-100 align-self-lg-start align-self-md-start align-self-start\">\n                <!---->\n                <div data-colibri-id=\"1802-c5\" class=\"h-text h-text-component style-1613 style-local-1802-c5 position-relative h-element\">\n                  <!---->\n                  <!---->\n                  <div class=\"\">\n                    <p>Food is important! Not least in the field.&nbsp;\n                      <br>BVKOKK\u00c4RRA 121 was hooked onto a tracked vehicle and transported to where it was needed. It can be towed anywhere a tracked vehicle can go, meaning through difficult terrain, over deep snow, and across wetland.&nbsp;\n                      <br>The drag plate also allows the unit to accompany the tracked vehicle during water crossings.&nbsp;\n                      <br>\n                      <br>The BVkokk\u00e4rra 121 has the capacity to feed 150 people (i.e., a company) with hot meals.&nbsp;&nbsp;<\/p>\n                  <\/div>\n                <\/div>\n              <\/div>\n            <\/div>\n          <\/div>\n          <div class=\"h-column h-column-container d-flex h-col-lg-auto h-col-md-auto h-col-auto style-1614-outer style-local-1802-c6-outer\">\n            <div data-colibri-id=\"1802-c6\" class=\"d-flex h-flex-basis h-column__inner h-ui-empty-state-container h-px-lg-2 h-px-md-2 h-px-2 v-inner-lg-2 v-inner-md-2 v-inner-2 style-1614 style-local-1802-c6 position-relative\">\n              <!---->\n              <!---->\n              <div class=\"w-100 h-y-container h-column__content h-column__v-align flex-basis-100\">\n                <!---->\n              <\/div>\n            <\/div>\n          <\/div>\n        <\/div>\n      <\/div>\n      <div data-colibri-id=\"1802-c9\" class=\"h-row-container gutters-row-lg-2 gutters-row-md-2 gutters-row-0 gutters-row-v-lg-2 gutters-row-v-md-2 gutters-row-v-2 style-1617 style-local-1802-c9 position-relative\">\n        <!---->\n        <div class=\"h-row justify-content-lg-center justify-content-md-center justify-content-center align-items-lg-stretch align-items-md-stretch align-items-stretch gutters-col-lg-2 gutters-col-md-2 gutters-col-0 gutters-col-v-lg-2 gutters-col-v-md-2 gutters-col-v-2\">\n          <!---->\n          <div class=\"h-column h-column-container d-flex h-col-lg-auto h-col-md-auto h-col-auto style-1618-outer style-local-1802-c10-outer\">\n            <div data-colibri-id=\"1802-c10\" class=\"d-flex h-flex-basis h-column__inner h-px-lg-2 h-px-md-2 h-px-2 v-inner-lg-2 v-inner-md-2 v-inner-2 style-1618 style-local-1802-c10 position-relative\">\n              <!---->\n              <!---->\n              <div class=\"w-100 h-y-container h-column__content h-column__v-align flex-basis-100 align-self-lg-start align-self-md-start align-self-start\">\n                <!---->\n                <div data-colibri-component=\"\" data-colibri-id=\"1802-c11\" class=\"h-photo-gallery margin-none caption-displayTrue caption-vertical-align-top style-1619 style-local-1802-c11 h-overflow-hidden position-relative h-element\">\n                  <!---->\n                  <div class=\"h-global-transition-all\"><div id='colibri-1802-c11' class='gallery-wrapper'>    <style type=\"text\/css\">\n\n        @media (min-width: 1023px) {        #colibri-1802-c11        dl {\n            float: left;\n            width: 25% !important;\n            max-width: 25% !important;\n            min-width: 25% !important;\n        }\n\n        #colibri-1802-c11        dl:nth-of-type(4n +1 ) {\n            clear: both;\n        }\n\n        }@media (min-width: 768px) and (max-width: 1023px) {        #colibri-1802-c11        dl {\n            float: left;\n            width: 25% !important;\n            max-width: 25% !important;\n            min-width: 25% !important;\n        }\n\n        #colibri-1802-c11        dl:nth-of-type(4n +1 ) {\n            clear: both;\n        }\n\n        }@media (max-width: 767px) {        #colibri-1802-c11        dl {\n            float: left;\n            width: 50% !important;\n            max-width: 50% !important;\n            min-width: 50% !important;\n        }\n\n        #colibri-1802-c11        dl:nth-of-type(2n +1 ) {\n            clear: both;\n        }\n\n        }\n        #colibri-1802-c11        .gallery-item {\n            position: relative;\n        }\n\n        \n    <\/style>\n    <div   class='colibri-1802-c11-dls-wrapper gallery-items-wrapper' ><dl class='gallery-item masonry-item'>\n\t\t\t<dt class='gallery-icon landscape'>\n\t\t\t\t<a data-fancybox=\"colibri-1802-c11-group\" href='https:\/\/kalixlinjen.se\/wp-content\/uploads\/2023\/04\/Fotografier-forbereds-2.png'><img loading=\"lazy\" decoding=\"async\"  width=\"300\" height=\"300\" src=\"https:\/\/kalixlinjen.se\/wp-content\/uploads\/2023\/04\/Fotografier-forbereds-2-300x300.png\"  class='colibri-1802-c11-image' alt=\"\" aria-describedby=\"gallery-1-1212\" srcset=\"https:\/\/kalixlinjen.se\/wp-content\/uploads\/2023\/04\/Fotografier-forbereds-2-300x300.png 300w, https:\/\/kalixlinjen.se\/wp-content\/uploads\/2023\/04\/Fotografier-forbereds-2-1024x1024.png 1024w, https:\/\/kalixlinjen.se\/wp-content\/uploads\/2023\/04\/Fotografier-forbereds-2-150x150.png 150w, https:\/\/kalixlinjen.se\/wp-content\/uploads\/2023\/04\/Fotografier-forbereds-2-768x768.png 768w, https:\/\/kalixlinjen.se\/wp-content\/uploads\/2023\/04\/Fotografier-forbereds-2.png 1080w\" sizes=\"auto, (max-width: 300px) 100vw, 300px\" \/><\/a>\n\t\t\t<\/dt>\n\t\t\t\t<div class=\"gallery-caption__wrapper\"><dd class='wp-caption-text gallery-caption' id='gallery-1-1212'>\n\t\t\t\tMore photographs are being prepared. \n\t\t\t\t<\/dd><\/div><\/dl><dl class='gallery-item masonry-item'>\n\t\t\t<dt class='gallery-icon landscape'>\n\t\t\t\t<a data-fancybox=\"colibri-1802-c11-group\" href='https:\/\/kalixlinjen.se\/wp-content\/uploads\/2023\/05\/Uppfald-BvKk.jpg'><img loading=\"lazy\" decoding=\"async\"  width=\"300\" height=\"200\" src=\"https:\/\/kalixlinjen.se\/wp-content\/uploads\/2023\/05\/Uppfald-BvKk-300x200.jpg\"  class='colibri-1802-c11-image' alt=\"\" aria-describedby=\"gallery-1-2201\" srcset=\"https:\/\/kalixlinjen.se\/wp-content\/uploads\/2023\/05\/Uppfald-BvKk-300x200.jpg 300w, https:\/\/kalixlinjen.se\/wp-content\/uploads\/2023\/05\/Uppfald-BvKk-1024x683.jpg 1024w, https:\/\/kalixlinjen.se\/wp-content\/uploads\/2023\/05\/Uppfald-BvKk-768x512.jpg 768w, https:\/\/kalixlinjen.se\/wp-content\/uploads\/2023\/05\/Uppfald-BvKk-1536x1024.jpg 1536w, https:\/\/kalixlinjen.se\/wp-content\/uploads\/2023\/05\/Uppfald-BvKk.jpg 1920w\" sizes=\"auto, (max-width: 300px) 100vw, 300px\" \/><\/a>\n\t\t\t<\/dt>\n\t\t\t\t<div class=\"gallery-caption__wrapper\"><dd class='wp-caption-text gallery-caption' id='gallery-1-2201'>\n\t\t\t\tSet up BV KITCHEN TRAILER 121. Photo borrowed from the excellent kokvagn.se.\n\t\t\t\t<\/dd><\/div><\/dl><dl class='gallery-item masonry-item'>\n\t\t\t<dt class='gallery-icon landscape'>\n\t\t\t\t<a data-fancybox=\"colibri-1802-c11-group\" href='https:\/\/kalixlinjen.se\/wp-content\/uploads\/2023\/05\/BvKk.jpg'><img loading=\"lazy\" decoding=\"async\"  width=\"300\" height=\"200\" src=\"https:\/\/kalixlinjen.se\/wp-content\/uploads\/2023\/05\/BvKk-300x200.jpg\"  class='colibri-1802-c11-image' alt=\"\" aria-describedby=\"gallery-1-2202\" srcset=\"https:\/\/kalixlinjen.se\/wp-content\/uploads\/2023\/05\/BvKk-300x200.jpg 300w, https:\/\/kalixlinjen.se\/wp-content\/uploads\/2023\/05\/BvKk-1024x683.jpg 1024w, https:\/\/kalixlinjen.se\/wp-content\/uploads\/2023\/05\/BvKk-768x512.jpg 768w, https:\/\/kalixlinjen.se\/wp-content\/uploads\/2023\/05\/BvKk-1536x1024.jpg 1536w, https:\/\/kalixlinjen.se\/wp-content\/uploads\/2023\/05\/BvKk.jpg 1920w\" sizes=\"auto, (max-width: 300px) 100vw, 300px\" \/><\/a>\n\t\t\t<\/dt>\n\t\t\t\t<div class=\"gallery-caption__wrapper\"><dd class='wp-caption-text gallery-caption' id='gallery-1-2202'>\n\t\t\t\tKITCHEN TRAILER 121 packed and ready for transport. Photo borrowed from the excellent kokvagn.se. \n\t\t\t\t<\/dd><\/div><\/dl><dl class='gallery-item masonry-item'>\n\t\t\t<dt class='gallery-icon landscape'>\n\t\t\t\t<a data-fancybox=\"colibri-1802-c11-group\" href='https:\/\/kalixlinjen.se\/wp-content\/uploads\/2023\/05\/IMG_3788-scaled.jpg'><img loading=\"lazy\" decoding=\"async\"  width=\"300\" height=\"225\" src=\"https:\/\/kalixlinjen.se\/wp-content\/uploads\/2023\/05\/IMG_3788-300x225.jpg\"  class='colibri-1802-c11-image' alt=\"\" aria-describedby=\"gallery-1-2200\" srcset=\"https:\/\/kalixlinjen.se\/wp-content\/uploads\/2023\/05\/IMG_3788-300x225.jpg 300w, https:\/\/kalixlinjen.se\/wp-content\/uploads\/2023\/05\/IMG_3788-1024x768.jpg 1024w, https:\/\/kalixlinjen.se\/wp-content\/uploads\/2023\/05\/IMG_3788-768x576.jpg 768w, https:\/\/kalixlinjen.se\/wp-content\/uploads\/2023\/05\/IMG_3788-1536x1152.jpg 1536w, https:\/\/kalixlinjen.se\/wp-content\/uploads\/2023\/05\/IMG_3788-2048x1536.jpg 2048w\" sizes=\"auto, (max-width: 300px) 100vw, 300px\" \/><\/a>\n\t\t\t<\/dt>\n\t\t\t\t<div class=\"gallery-caption__wrapper\"><dd class='wp-caption-text gallery-caption' id='gallery-1-2200'>\n\t\t\t\tEquipped with cooking stove 102 and low-pressure boiler 101. Photo borrowed from the excellent kokvagn.se.\n\t\t\t\t<\/dd><\/div><\/dl><dl class='gallery-item masonry-item'>\n\t\t\t<dt class='gallery-icon landscape'>\n\t\t\t\t<a data-fancybox=\"colibri-1802-c11-group\" href='https:\/\/kalixlinjen.se\/wp-content\/uploads\/2023\/05\/IMG_9626.jpg'><img loading=\"lazy\" decoding=\"async\"  width=\"300\" height=\"200\" src=\"https:\/\/kalixlinjen.se\/wp-content\/uploads\/2023\/05\/IMG_9626-300x200.jpg\"  class='colibri-1802-c11-image' alt=\"\" aria-describedby=\"gallery-1-2199\" srcset=\"https:\/\/kalixlinjen.se\/wp-content\/uploads\/2023\/05\/IMG_9626-300x200.jpg 300w, https:\/\/kalixlinjen.se\/wp-content\/uploads\/2023\/05\/IMG_9626-1024x683.jpg 1024w, https:\/\/kalixlinjen.se\/wp-content\/uploads\/2023\/05\/IMG_9626-768x512.jpg 768w, https:\/\/kalixlinjen.se\/wp-content\/uploads\/2023\/05\/IMG_9626-1536x1024.jpg 1536w, https:\/\/kalixlinjen.se\/wp-content\/uploads\/2023\/05\/IMG_9626.jpg 1920w\" sizes=\"auto, (max-width: 300px) 100vw, 300px\" \/><\/a>\n\t\t\t<\/dt>\n\t\t\t\t<div class=\"gallery-caption__wrapper\"><dd class='wp-caption-text gallery-caption' id='gallery-1-2199'>\n\t\t\t\tPhoto borrowed from the excellent kokvagn.se.\n\t\t\t\t<\/dd><\/div><\/dl>\n\t\t\t\n\t\t<\/div>\n<style>#colibri-1802-c11 .wp-caption-text.gallery-caption{display:none;}<\/style><\/div><\/div>\n                <\/div>\n              <\/div>\n            <\/div>\n          <\/div>\n        <\/div>\n      <\/div>\n      <div data-colibri-id=\"1802-c12\" class=\"h-row-container gutters-row-lg-2 gutters-row-md-2 gutters-row-0 gutters-row-v-lg-2 gutters-row-v-md-2 gutters-row-v-2 style-1620 style-local-1802-c12 position-relative\">\n        <!---->\n        <div class=\"h-row justify-content-lg-center justify-content-md-center justify-content-center align-items-lg-stretch align-items-md-stretch align-items-stretch gutters-col-lg-2 gutters-col-md-2 gutters-col-0 gutters-col-v-lg-2 gutters-col-v-md-2 gutters-col-v-2\">\n          <!---->\n          <div class=\"h-column h-column-container d-flex h-col-lg-auto h-col-md-auto h-col-auto style-1621-outer style-local-1802-c13-outer\">\n            <div data-colibri-id=\"1802-c13\" class=\"d-flex h-flex-basis h-column__inner h-px-lg-2 h-px-md-2 h-px-2 v-inner-lg-2 v-inner-md-2 v-inner-2 style-1621 style-local-1802-c13 position-relative\">\n              <!---->\n              <!---->\n              <div class=\"w-100 h-y-container h-column__content h-column__v-align flex-basis-100 align-self-lg-start align-self-md-start align-self-start\">\n                <!---->\n                <div data-colibri-id=\"1802-c14\" class=\"h-text h-text-component style-1622 style-local-1802-c14 position-relative h-element\">\n                  <!---->\n                  <!---->\n                  <div class=\"\">\n                    <p>Reg. No<\/p>\n                    <p>200990<\/p>\n                    <p>M5042-121013<\/p>\n                    <p>BVKOKK\u00c4RRA 121 MT<\/p>\n                    <p>Assigned<\/p>\n                    <p>F\u00d6RSA NORR<\/p>\n                    <p>Vehicle type<\/p>\n                    <p>TOWABLE<\/p>\n                    <p>Manufacturer\/type<\/p>\n                    <p>HC\/65 BANDVAGNSKOKK\u00c4RRA 121<\/p>\n                    <p>Model year<\/p>\n                    <p>1965<\/p>\n                    <p>Chassis number<\/p>\n                    <p>41-69<\/p>\n                    <p>Reference number<\/p>\n                    <p>42333<\/p>\n                    <p>Model code<\/p>\n                    <p>\u00d6V0000<\/p>\n                    <p>Date of registration<\/p>\n                    <p>1969-07-18<\/p>\n                    <p>Colour<\/p>\n                    <p>MGREEN<\/p>\n                    <p>User<\/p>\n                    <p>488<\/p>\n                    <p>Deregistered<\/p>\n                    <p>203\/03<\/p>\n                    <p>Vehicle body<\/p>\n                    <p>18 FLATBEDS \u2013 CARGO BOX \u2013 CANOPY<\/p>\n                    <p>Length<\/p>\n                    <p>3,60<\/p>\n                    <p>Width<\/p>\n                    <p>1,79<\/p>\n                    <p>Numbers of axles<\/p>\n                    <p>1<\/p>\n                    <p>Tyre dimension back<\/p>\n                    <p>175R15<\/p>\n                    <p>Axle load<\/p>\n                    <p>200+1300<\/p>\n                    <p>Curb weight (kg)<\/p>\n                    <p>1160<\/p>\n                    <p>Maximum payload (kg)<\/p>\n                    <p>240<\/p>\n                    <p>Gross vehicle weight<\/p>\n                    <p>1400<\/p>\n                    <p>Registered weight (kg)<\/p>\n                    <p>1400<\/p>\n                    <p>Curb weight distribution<\/p>\n                    <p>140+1020<\/p>\n                    <p>Hitch type<\/p>\n                    <p>LUNETTE RING<\/p>\n                    <p>Clutch pedal travel<\/p>\n                    <p>2,45<\/p>\n                    <p>Break system<\/p>\n                    <p>NO<\/p>\n                    <p>Cargo space<\/p>\n                    <p>1,83<\/p>\n                    <p>N-v\u00e4rde<\/p>\n                    <p>0,61<\/p>\n                    <p>Overhang<\/p>\n                    <p>0,45<\/p>\n                    <p>Gross weight distribution<\/p>\n                    <p>200+1200<\/p>\n                    <p>Additional information<\/p>\n                    <p>YES<\/p>\n                    <p>T16B CHASSINUMRET PLACERAT P\u00c5 DRAGST\u00c5NGEN. DISPENS: F\u00c4RD- OCH PARKERINGSBROMS SAKNAS (INTYG TOTALVIKT SAKNAS INTYG GARANTERADE AXELBELASTNINGAR SAKNAS TOTALVIKT \u00c5-S\u00c4TTS TILL 1400 KG). SAMTLIGA DISPENSER G\u00c4LLER ENDAST FORDON UPPTAGNA\n                      I MILIT\u00c4RT FORDONSREGISTER SAMT ATT DE ENDAST KOPPLAS TILL BV 206. VID UNDERH\u00c5LLS- OCH F\u00d6RR\u00c5DSTJ\u00c4NST F\u00c5R FORDONET I UNDANTAGSFALL KOPPLAS TILL TGB 11 RESPEKTIVE TGB 13. F\u00d6RSEDD MED L\u00c5GTRYCKSPANNA OCH SPIS. I TJ\u00c4NSTEVIKTEN ING\u00c5R 60\n                      L VATTEN I PANNAN. ALTERNATIV D\u00c4CKDIMENSION 6,40-15<\/p>\n                    <p>\n                      <br>\n                    <\/p>\n                  <\/div>\n                <\/div>\n              <\/div>\n            <\/div>\n          <\/div>\n          <div class=\"h-column h-column-container d-flex h-col-lg-auto h-col-md-auto h-col-auto style-1623-outer style-local-1802-c15-outer\">\n            <div data-colibri-id=\"1802-c15\" class=\"d-flex h-flex-basis h-column__inner h-px-lg-2 h-px-md-2 h-px-2 v-inner-lg-2 v-inner-md-2 v-inner-2 style-1623 style-local-1802-c15 position-relative\">\n              <!---->\n              <!---->\n              <div class=\"w-100 h-y-container h-column__content h-column__v-align flex-basis-100 align-self-lg-start align-self-md-start align-self-start\">\n                <!---->\n                <div data-colibri-id=\"1802-c16\" class=\"h-text h-text-component style-1628 style-local-1802-c16 position-relative h-element\">\n                  <!---->\n                  <!---->\n                  <div class=\"\">\n                    <p>Reg. No<\/p>\n                    <p>200992<\/p>\n                    <p>M5042-121013<\/p>\n                    <p>BVKOKK\u00c4RRA 121 MT<\/p>\n                    <p>Assigned<\/p>\n                    <p>FM AVV<\/p>\n                    <p>Vehicle type<\/p>\n                    <p>TOWABLE <\/p>\n                    <p>Manufacturer\/type<\/p>\n                    <p>HC\/65 BANDVAGNSKOKK\u00c4RRA 121<\/p>\n                    <p>Model year<\/p>\n                    <p>1965<\/p>\n                    <p>Chassis number<\/p>\n                    <p>43-69<\/p>\n                    <p>Reference number<\/p>\n                    <p>42335<\/p>\n                    <p>Model code<\/p>\n                    <p>\u00d6V0000<\/p>\n                    <p>Date of registration<\/p>\n                    <p>1969-07-18<\/p>\n                    <p>Colour<\/p>\n                    <p>MGREEN<\/p>\n                    <p>User<\/p>\n                    <p>001<\/p>\n                    <p>Deregistered<\/p>\n                    <p>AVREG FMAVV V.506<\/p>\n                    <p> <\/p>\n                    <p>Vehicle body<\/p>\n                    <p>18 FLATBEDS \u2013 CARGO BOX \u2013 CANOPY<\/p>\n                    <p>Length<\/p>\n                    <p>3,60<\/p>\n                    <p>Width<\/p>\n                    <p>1,79<\/p>\n                    <p>Numbers of axles <\/p>\n                    <p>1<\/p>\n                    <p>Tyre dimension back<\/p>\n                    <p>175R15<\/p>\n                    <p>Axle load<\/p>\n                    <p>200+1300<\/p>\n                    <p>Power standard<\/p>\n                    <p>MISSING<\/p>\n                    <p>Curb weight (kg)<\/p>\n                    <p>1160<\/p>\n                    <p>Maximum payload (kg)<\/p>\n                    <p>240<\/p>\n                    <p>Gross vehicle weight<\/p>\n                    <p>1400<\/p>\n                    <p>Registered weight (kg)<\/p>\n                    <p>1400<\/p>\n                    <p>Curb weight distribution<\/p>\n                    <p>140+1020<\/p>\n                    <p>Hitch type<\/p>\n                    <p>LUNETTE RING<\/p>\n                    <p>Clutch pedal travel<\/p>\n                    <p>2,45<\/p>\n                    <p>Break system<\/p>\n                    <p>NO<\/p>\n                    <p>Cargo space<\/p>\n                    <p>1,83<\/p>\n                    <p>N-v\u00e4rde<\/p>\n                    <p>0,61<\/p>\n                    <p>Overhang<\/p>\n                    <p>0,45<\/p>\n                    <p>Gross weight distribution<\/p>\n                    <p>200+1200<\/p>\n                    <p>Additional information<\/p>\n                    <p>YES<\/p>\n                    <p>T16B CHASSINUMRET PLACERAT P\u00c5 DRAGST\u00c5NGEN. DISPENS: F\u00c4RD- OCH PARKERINGSBROMS SAKNAS (INTYG TOTALVIKT SAKNAS INTYG GARANTERADE AXELBELASTNINGAR SAKNAS TOTALVIKT \u00c5-S\u00c4TTS TILL 1400 KG). SAMTLIGA DISPENSER G\u00c4LLER ENDAST FORDON UPPTAGNA\n                      I MILIT\u00c4RT FORDONSREGISTER SAMT ATT DE ENDAST KOPPLAS TILL BV 206. VID UNDERH\u00c5LLS- OCH F\u00d6RR\u00c5DSTJ\u00c4NST F\u00c5R FORDONET I UNDANTAGSFALL KOPPLAS TILL TGB 11 RESPEKTIVE TGB 13. F\u00d6RSEDD MED L\u00c5GTRYCKSPANNA OCH SPIS. I TJ\u00c4NSTEVIKTEN ING\u00c5R 60\n                      L VATTEN I PANNAN. ALTERNATIV D\u00c4CKDIMENSION 6,40-15<\/p>\n                    <p> <\/p>\n                  <\/div>\n                <\/div>\n              <\/div>\n            <\/div>\n          <\/div>\n        <\/div>\n      <\/div>\n    <\/div>\n  <\/div>\n<\/div>","protected":false},"excerpt":{"rendered":"<p>BVKOKK\u00c4RRA 121 MT BANDVAGNSKOKK\u00c4RRA 121 mt Mat \u00e4r viktigt! Inte minst ute i f\u00e4lt.&nbsp; Bandvagnskokk\u00e4rra 121 hakades p\u00e5 en bandvagn, och f\u00f6rdes dit d\u00e4r den beh\u00f6vdes. Den kan dras \u00f6verallt dit en bandvagn kan ta sig, dvs genom ol\u00e4ndig terr\u00e4ng, \u00f6ver djup sn\u00f6 och bl\u00f6tmarker.&nbsp; Has-pl\u00e5ten g\u00f6r \u00e4ven att ekipaget kan f\u00f6lja med bandvagnen p\u00e5 [&hellip;]<\/p>\n","protected":false},"author":1,"featured_media":0,"parent":0,"menu_order":0,"comment_status":"closed","ping_status":"closed","template":"page-templates\/full-width-page.php","meta":{"_kadence_starter_templates_imported_post":false,"footnotes":""},"class_list":["post-1802","page","type-page","status-publish","hentry"],"yoast_head":"<!-- This site is optimized with the Yoast SEO plugin v27.5 - https:\/\/yoast.com\/product\/yoast-seo-wordpress\/ -->\n<title>BANDVAGNSKOKK\u00c4RRA 121 MT - Kalixlinjens museum<\/title>\n<meta name=\"robots\" content=\"index, follow, max-snippet:-1, max-image-preview:large, max-video-preview:-1\" \/>\n<link rel=\"canonical\" href=\"https:\/\/kalixlinjen.se\/en\/bandvagnskokkarra-121-mt\/\" \/>\n<meta property=\"og:locale\" content=\"en_GB\" \/>\n<meta property=\"og:type\" content=\"article\" \/>\n<meta property=\"og:title\" content=\"BANDVAGNSKOKK\u00c4RRA 121 MT - Kalixlinjens museum\" \/>\n<meta property=\"og:description\" content=\"BVKOKK\u00c4RRA 121 MT BANDVAGNSKOKK\u00c4RRA 121 mt Mat \u00e4r viktigt! Inte minst ute i f\u00e4lt.&nbsp; Bandvagnskokk\u00e4rra 121 hakades p\u00e5 en bandvagn, och f\u00f6rdes dit d\u00e4r den beh\u00f6vdes. Den kan dras \u00f6verallt dit en bandvagn kan ta sig, dvs genom ol\u00e4ndig terr\u00e4ng, \u00f6ver djup sn\u00f6 och bl\u00f6tmarker.&nbsp; Has-pl\u00e5ten g\u00f6r \u00e4ven att ekipaget kan f\u00f6lja med bandvagnen p\u00e5 [&hellip;]\" \/>\n<meta property=\"og:url\" content=\"https:\/\/kalixlinjen.se\/en\/bandvagnskokkarra-121-mt\/\" \/>\n<meta property=\"og:site_name\" content=\"Kalixlinjens museum\" \/>\n<meta property=\"article:publisher\" content=\"https:\/\/www.facebook.com\/kalixlinjensmuseum\" \/>\n<meta property=\"article:modified_time\" content=\"2024-10-21T11:57:34+00:00\" \/>\n<meta name=\"twitter:card\" content=\"summary_large_image\" \/>\n<script type=\"application\/ld+json\" class=\"yoast-schema-graph\">{\"@context\":\"https:\\\/\\\/schema.org\",\"@graph\":[{\"@type\":\"WebPage\",\"@id\":\"https:\\\/\\\/kalixlinjen.se\\\/bandvagnskokkarra-121-mt\\\/\",\"url\":\"https:\\\/\\\/kalixlinjen.se\\\/bandvagnskokkarra-121-mt\\\/\",\"name\":\"BANDVAGNSKOKK\u00c4RRA 121 MT - Kalixlinjens museum\",\"isPartOf\":{\"@id\":\"https:\\\/\\\/kalixlinjen.se\\\/#website\"},\"datePublished\":\"2023-05-03T13:16:58+00:00\",\"dateModified\":\"2024-10-21T11:57:34+00:00\",\"breadcrumb\":{\"@id\":\"https:\\\/\\\/kalixlinjen.se\\\/bandvagnskokkarra-121-mt\\\/#breadcrumb\"},\"inLanguage\":\"en-GB\",\"potentialAction\":[{\"@type\":\"ReadAction\",\"target\":[\"https:\\\/\\\/kalixlinjen.se\\\/bandvagnskokkarra-121-mt\\\/\"]}]},{\"@type\":\"BreadcrumbList\",\"@id\":\"https:\\\/\\\/kalixlinjen.se\\\/bandvagnskokkarra-121-mt\\\/#breadcrumb\",\"itemListElement\":[{\"@type\":\"ListItem\",\"position\":1,\"name\":\"Hem\",\"item\":\"https:\\\/\\\/kalixlinjen.se\\\/\"},{\"@type\":\"ListItem\",\"position\":2,\"name\":\"BANDVAGNSKOKK\u00c4RRA 121 MT\"}]},{\"@type\":\"WebSite\",\"@id\":\"https:\\\/\\\/kalixlinjen.se\\\/#website\",\"url\":\"https:\\\/\\\/kalixlinjen.se\\\/\",\"name\":\"Kalixlinjens museum\",\"description\":\"St\u00f6rst och hemligast!\",\"publisher\":{\"@id\":\"https:\\\/\\\/kalixlinjen.se\\\/#organization\"},\"potentialAction\":[{\"@type\":\"SearchAction\",\"target\":{\"@type\":\"EntryPoint\",\"urlTemplate\":\"https:\\\/\\\/kalixlinjen.se\\\/?s={search_term_string}\"},\"query-input\":{\"@type\":\"PropertyValueSpecification\",\"valueRequired\":true,\"valueName\":\"search_term_string\"}}],\"inLanguage\":\"en-GB\"},{\"@type\":\"Organization\",\"@id\":\"https:\\\/\\\/kalixlinjen.se\\\/#organization\",\"name\":\"Kalixlinjens museum\",\"url\":\"https:\\\/\\\/kalixlinjen.se\\\/\",\"logo\":{\"@type\":\"ImageObject\",\"inLanguage\":\"en-GB\",\"@id\":\"https:\\\/\\\/kalixlinjen.se\\\/#\\\/schema\\\/logo\\\/image\\\/\",\"url\":\"https:\\\/\\\/kalixlinjen.se\\\/wp-content\\\/uploads\\\/2022\\\/11\\\/cropped-cropped-cropped-cropped-loggo.png\",\"contentUrl\":\"https:\\\/\\\/kalixlinjen.se\\\/wp-content\\\/uploads\\\/2022\\\/11\\\/cropped-cropped-cropped-cropped-loggo.png\",\"width\":512,\"height\":512,\"caption\":\"Kalixlinjens museum\"},\"image\":{\"@id\":\"https:\\\/\\\/kalixlinjen.se\\\/#\\\/schema\\\/logo\\\/image\\\/\"},\"sameAs\":[\"https:\\\/\\\/www.facebook.com\\\/kalixlinjensmuseum\",\"https:\\\/\\\/www.instagram.com\\\/kalixlinjens_museum\\\/\"]}]}<\/script>\n<!-- \/ Yoast SEO plugin. -->","yoast_head_json":{"title":"BANDVAGNSKOKK\u00c4RRA 121 MT - Kalixlinjens museum","robots":{"index":"index","follow":"follow","max-snippet":"max-snippet:-1","max-image-preview":"max-image-preview:large","max-video-preview":"max-video-preview:-1"},"canonical":"https:\/\/kalixlinjen.se\/en\/bandvagnskokkarra-121-mt\/","og_locale":"en_GB","og_type":"article","og_title":"BANDVAGNSKOKK\u00c4RRA 121 MT - Kalixlinjens museum","og_description":"BVKOKK\u00c4RRA 121 MT BANDVAGNSKOKK\u00c4RRA 121 mt Mat \u00e4r viktigt! Inte minst ute i f\u00e4lt.&nbsp; Bandvagnskokk\u00e4rra 121 hakades p\u00e5 en bandvagn, och f\u00f6rdes dit d\u00e4r den beh\u00f6vdes. Den kan dras \u00f6verallt dit en bandvagn kan ta sig, dvs genom ol\u00e4ndig terr\u00e4ng, \u00f6ver djup sn\u00f6 och bl\u00f6tmarker.&nbsp; Has-pl\u00e5ten g\u00f6r \u00e4ven att ekipaget kan f\u00f6lja med bandvagnen p\u00e5 [&hellip;]","og_url":"https:\/\/kalixlinjen.se\/en\/bandvagnskokkarra-121-mt\/","og_site_name":"Kalixlinjens museum","article_publisher":"https:\/\/www.facebook.com\/kalixlinjensmuseum","article_modified_time":"2024-10-21T11:57:34+00:00","twitter_card":"summary_large_image","schema":{"@context":"https:\/\/schema.org","@graph":[{"@type":"WebPage","@id":"https:\/\/kalixlinjen.se\/bandvagnskokkarra-121-mt\/","url":"https:\/\/kalixlinjen.se\/bandvagnskokkarra-121-mt\/","name":"BANDVAGNSKOKK\u00c4RRA 121 MT - Kalixlinjens museum","isPartOf":{"@id":"https:\/\/kalixlinjen.se\/#website"},"datePublished":"2023-05-03T13:16:58+00:00","dateModified":"2024-10-21T11:57:34+00:00","breadcrumb":{"@id":"https:\/\/kalixlinjen.se\/bandvagnskokkarra-121-mt\/#breadcrumb"},"inLanguage":"en-GB","potentialAction":[{"@type":"ReadAction","target":["https:\/\/kalixlinjen.se\/bandvagnskokkarra-121-mt\/"]}]},{"@type":"BreadcrumbList","@id":"https:\/\/kalixlinjen.se\/bandvagnskokkarra-121-mt\/#breadcrumb","itemListElement":[{"@type":"ListItem","position":1,"name":"Hem","item":"https:\/\/kalixlinjen.se\/"},{"@type":"ListItem","position":2,"name":"BANDVAGNSKOKK\u00c4RRA 121 MT"}]},{"@type":"WebSite","@id":"https:\/\/kalixlinjen.se\/#website","url":"https:\/\/kalixlinjen.se\/","name":"The Kalix line museum","description":"St\u00f6rst och hemligast!","publisher":{"@id":"https:\/\/kalixlinjen.se\/#organization"},"potentialAction":[{"@type":"SearchAction","target":{"@type":"EntryPoint","urlTemplate":"https:\/\/kalixlinjen.se\/?s={search_term_string}"},"query-input":{"@type":"PropertyValueSpecification","valueRequired":true,"valueName":"search_term_string"}}],"inLanguage":"en-GB"},{"@type":"Organization","@id":"https:\/\/kalixlinjen.se\/#organization","name":"The Kalix line museum","url":"https:\/\/kalixlinjen.se\/","logo":{"@type":"ImageObject","inLanguage":"en-GB","@id":"https:\/\/kalixlinjen.se\/#\/schema\/logo\/image\/","url":"https:\/\/kalixlinjen.se\/wp-content\/uploads\/2022\/11\/cropped-cropped-cropped-cropped-loggo.png","contentUrl":"https:\/\/kalixlinjen.se\/wp-content\/uploads\/2022\/11\/cropped-cropped-cropped-cropped-loggo.png","width":512,"height":512,"caption":"Kalixlinjens museum"},"image":{"@id":"https:\/\/kalixlinjen.se\/#\/schema\/logo\/image\/"},"sameAs":["https:\/\/www.facebook.com\/kalixlinjensmuseum","https:\/\/www.instagram.com\/kalixlinjens_museum\/"]}]}},"_links":{"self":[{"href":"https:\/\/kalixlinjen.se\/en\/wp-json\/wp\/v2\/pages\/1802","targetHints":{"allow":["GET"]}}],"collection":[{"href":"https:\/\/kalixlinjen.se\/en\/wp-json\/wp\/v2\/pages"}],"about":[{"href":"https:\/\/kalixlinjen.se\/en\/wp-json\/wp\/v2\/types\/page"}],"author":[{"embeddable":true,"href":"https:\/\/kalixlinjen.se\/en\/wp-json\/wp\/v2\/users\/1"}],"replies":[{"embeddable":true,"href":"https:\/\/kalixlinjen.se\/en\/wp-json\/wp\/v2\/comments?post=1802"}],"version-history":[{"count":5,"href":"https:\/\/kalixlinjen.se\/en\/wp-json\/wp\/v2\/pages\/1802\/revisions"}],"predecessor-version":[{"id":5233,"href":"https:\/\/kalixlinjen.se\/en\/wp-json\/wp\/v2\/pages\/1802\/revisions\/5233"}],"wp:attachment":[{"href":"https:\/\/kalixlinjen.se\/en\/wp-json\/wp\/v2\/media?parent=1802"}],"curies":[{"name":"wp","href":"https:\/\/api.w.org\/{rel}","templated":true}]}}