{"id":1601,"date":"2023-04-27T06:41:57","date_gmt":"2023-04-27T06:41:57","guid":{"rendered":"https:\/\/kalixlinjen.se\/?page_id=1601"},"modified":"2023-05-30T12:43:12","modified_gmt":"2023-05-30T12:43:12","slug":"kalla-kriget","status":"publish","type":"page","link":"https:\/\/kalixlinjen.se\/en\/kalla-kriget\/","title":{"rendered":"The cold war"},"content":{"rendered":"<div data-colibri-id=\"1601-c1\" class=\"style-1389 style-local-1601-c1 position-relative\">\n  <!---->\n  <div data-colibri-component=\"section\" data-colibri-id=\"1601-c2\" id=\"custom\" class=\"h-section h-section-global-spacing d-flex align-items-lg-center align-items-md-center align-items-center style-1390 style-local-1601-c2 position-relative\">\n    <!---->\n    <!---->\n    <div class=\"h-section-grid-container h-section-boxed-container\">\n      <!---->\n      <div data-colibri-id=\"1601-c3\" class=\"h-row-container gutters-row-lg-2 gutters-row-md-2 gutters-row-0 gutters-row-v-lg-2 gutters-row-v-md-2 gutters-row-v-2 style-1391 style-local-1601-c3 position-relative\">\n        <!---->\n        <div class=\"h-row justify-content-lg-center justify-content-md-center justify-content-center align-items-lg-stretch align-items-md-stretch align-items-stretch gutters-col-lg-2 gutters-col-md-2 gutters-col-0 gutters-col-v-lg-2 gutters-col-v-md-2 gutters-col-v-2\">\n          <!---->\n          <div class=\"h-column h-column-container d-flex h-col-lg-auto h-col-md-auto h-col-auto style-1392-outer style-local-1601-c4-outer\">\n            <div data-colibri-id=\"1601-c4\" class=\"d-flex h-flex-basis h-column__inner h-px-lg-2 h-px-md-2 h-px-2 v-inner-lg-2 v-inner-md-2 v-inner-2 style-1392 style-local-1601-c4 position-relative\">\n              <!---->\n              <!---->\n              <div class=\"w-100 h-y-container h-column__content h-column__v-align flex-basis-100 align-self-lg-start align-self-md-start align-self-start\">\n                <!---->\n                <div data-colibri-id=\"1601-c5\" class=\"h-global-transition-all h-heading style-1394 style-local-1601-c5 position-relative h-element\">\n                  <!---->\n                  <div class=\"h-heading__outer style-1394 style-local-1601-c5\">\n                    <!---->\n                    <!---->\n                    <h1 class=\"\">The cold war<\/h1>\n                  <\/div>\n                <\/div>\n              <\/div>\n            <\/div>\n          <\/div>\n        <\/div>\n      <\/div>\n      <div data-colibri-id=\"1601-c6\" class=\"h-row-container gutters-row-lg-2 gutters-row-md-2 gutters-row-0 gutters-row-v-lg-2 gutters-row-v-md-2 gutters-row-v-2 style-1402 style-local-1601-c6 position-relative\">\n        <!---->\n        <div class=\"h-row justify-content-lg-center justify-content-md-center justify-content-center align-items-lg-stretch align-items-md-stretch align-items-stretch gutters-col-lg-2 gutters-col-md-2 gutters-col-0 gutters-col-v-lg-2 gutters-col-v-md-2 gutters-col-v-2\">\n          <!---->\n          <div class=\"h-column h-column-container d-flex h-col-lg-auto h-col-md-auto h-col-auto style-1403-outer style-local-1601-c7-outer\">\n            <div data-colibri-id=\"1601-c7\" class=\"d-flex h-flex-basis h-column__inner h-px-lg-2 h-px-md-2 h-px-2 v-inner-lg-2 v-inner-md-2 v-inner-2 style-1403 style-local-1601-c7 position-relative\">\n              <!---->\n              <!---->\n              <div class=\"w-100 h-y-container h-column__content h-column__v-align flex-basis-100 align-self-lg-start align-self-md-start align-self-start\">\n                <!---->\n                <div data-colibri-id=\"1601-c8\" class=\"h-text h-text-component style-1427 style-local-1601-c8 position-relative h-element\">\n                  <!---->\n                  <!---->\n                  <div class=\"\">\n                    <p>At the end of World War II and into the early 1990s, an intense period of tension and rivalry emerged between the USA and the Soviet Union. This period was called the Cold War.&nbsp;\n                      <br>\n                      <br><strong>Why?<\/strong>\n                      <br>F\u00f6renklat var anledningen till konflikten var ideologiska och politiska skillnader, d\u00e4r USA och dess allierade f\u00f6respr\u00e5kade kapitalism, demokrati och frihet. Sovjetunionen och deras allierade f\u00f6respr\u00e5kade ist\u00e4llet kommunism, diktatur,\n                      och kollektivism.&nbsp;\n                      <br>\n                      <br><strong>\"Cold\" war? <br><\/strong>Under Kalla kriget p\u00e5gick en &#8221;kall&#8221; kamp, d\u00e4r USA och Sovjetunionen anv\u00e4nde olika metoder f\u00f6r att underminera varandras inflytade, och st\u00f6dja sina respektive allierade. Det &#8221;kalla&#8221; syftar p\u00e5 att\n                      USA och Sovjetunionen inte gick in i &#8221;het&#8221; strid direkt med varandra.<\/p>\n                    <p><strong>NATO and the Warsaw pact<\/strong>\n                      <br>NATO (North Atlantic Treaty Organization) bildades 1949. F\u00f6rsvarsalliansens syfte var att skydda Europa mot hotet fr\u00e5n \u00f6st, och baserades p\u00e5 principen att ett angrepp mot ett medlemsland skulle betraktas som ett angrepp mot hela\n                      alliansen.&nbsp;\n                      <br>This division defined the geopolitical landscape of Europe during the Cold War, highlighting the intense rivalry between the two superpowers.\n                      <br>\n                    <\/p>\n                    <p><strong>Arms race<\/strong>\n                      <br>B\u00e4gge sidor investerade enorma resurser f\u00f6r att utveckla nya och mer avancerade vapen, inklusive k\u00e4rnvapen, missiler, utb\u00e5tar, flygplan och rymdfarkoster. I denna kapprustning f\u00f6rs\u00f6kte de \u00f6vertr\u00e4ffa varandra i teknologisk utveckling\n                      och milit\u00e4r styrka.&nbsp;&nbsp;<\/p>\n                    <p><strong>Proxy wars<\/strong>\n                      <br>Det f\u00f6rekom \u00e4ven flera proxykrig, d\u00e4r USA och Sovjetunionen st\u00f6ttade olika sidor av de stridande parterna. N\u00e5gra exempel p\u00e5 proxykrig var Koreakriget, Vietnamkriget, och Sovjets invasion av Afghanistan. Spioneri- och sabotageoperationer\n                      f\u00f6rekom flitigt fr\u00e5n b\u00e5da sidor.\n                      <br>\n                      <br><strong>Not just military<\/strong>\n                      <br>It was not just military issues that were at the forefront; the USA and the Soviet Union also competed over which social system was superior.&nbsp;\n                      <br>The rivalry extended into space, where the Soviet Union\u2019s early successes with Sputnik and the first humans in space were met with the USA's triumph with Apollo 11 and the moon landing.&nbsp;\n                      <br>The rivalry was also evident in sports, where both the USA and the Soviet Union used every opportunity to push the limits of human performance to stand on the top of the podium and win glory for their country.&nbsp;\n                      <br>\n                      <br><strong>Conclusion<\/strong>\n                      <br>When the Soviet Union collapsed in the early 1990s, the political tensions eased, and the Cold War became a part of history. <\/p>\n                    <p>\n                      <br>\n                    <\/p>\n                  <\/div>\n                <\/div>\n              <\/div>\n            <\/div>\n          <\/div>\n          <div class=\"h-column h-column-container d-flex h-col-lg-auto h-col-md-auto h-col-auto style-1404-outer style-local-1601-c9-outer\">\n            <div data-colibri-id=\"1601-c9\" class=\"d-flex h-flex-basis h-column__inner h-px-lg-2 h-px-md-2 h-px-2 v-inner-lg-2 v-inner-md-2 v-inner-2 style-1404 style-local-1601-c9 position-relative\">\n              <!---->\n              <!---->\n              <div class=\"w-100 h-y-container h-column__content h-column__v-align flex-basis-100 align-self-lg-start align-self-md-start align-self-start\">\n                <!---->\n                <div data-colibri-id=\"1601-c10\" class=\"d-block style-1428 style-local-1601-c10 position-relative h-element\">\n                  <!---->\n                  <div class=\"h-image__frame-container-outer\">\n                    <div class=\"h-image__frame-container\">\n                      <!---->\n                      <!---->\n                      <img loading=\"lazy\" decoding=\"async\" width=\"1583\" height=\"825\" src=\"https:\/\/kalixlinjen.se\/wp-content\/uploads\/2023\/04\/cropped-cropped-Skarmbild-2023-04-27-092324.png\" class=\"wp-image-1615 style-1428-image style-local-1601-c10-image\" alt=\"\" srcset=\"https:\/\/kalixlinjen.se\/wp-content\/uploads\/2023\/04\/cropped-cropped-Skarmbild-2023-04-27-092324.png 1583w, https:\/\/kalixlinjen.se\/wp-content\/uploads\/2023\/04\/cropped-cropped-Skarmbild-2023-04-27-092324-300x156.png 300w, https:\/\/kalixlinjen.se\/wp-content\/uploads\/2023\/04\/cropped-cropped-Skarmbild-2023-04-27-092324-1024x534.png 1024w, https:\/\/kalixlinjen.se\/wp-content\/uploads\/2023\/04\/cropped-cropped-Skarmbild-2023-04-27-092324-768x400.png 768w, https:\/\/kalixlinjen.se\/wp-content\/uploads\/2023\/04\/cropped-cropped-Skarmbild-2023-04-27-092324-1536x801.png 1536w\" sizes=\"auto, (max-width: 1583px) 100vw, 1583px\" \/>\n                      <div class=\"h-image__frame h-hide-lg h-hide-md h-hide-sm style-1428-frameImage style-local-1601-c10-frameImage\"><\/div>\n                    <\/div>\n                  <\/div>\n                <\/div>\n                <div data-colibri-id=\"1601-c11\" class=\"h-text h-text-component style-1431 style-local-1601-c11 position-relative h-element\">\n                  <!---->\n                  <!---->\n                  <div class=\"\">\n                    <p>Blue countries - USA and their allies\n                      <br>Red countries - The Soviet union and their allies\n                      <br>Grey countries - officially neutral\n                      <br>\n                    <\/p>\n                  <\/div>\n                <\/div>\n                <div data-colibri-id=\"1601-c12\" class=\"h-global-transition-all h-heading style-1432 style-local-1601-c12 position-relative h-element\">\n                  <!---->\n                  <div class=\"h-heading__outer style-1432 style-local-1601-c12\">\n                    <!---->\n                    <!---->\n                    <h3 class=\"\">Sweden during the cold war<\/h3>\n                  <\/div>\n                <\/div>\n                <div data-colibri-id=\"1601-c13\" class=\"h-text h-text-component style-1433 style-local-1601-c13 position-relative h-element\">\n                  <!---->\n                  <!---->\n                  <div class=\"\">\n                    <p>Sweden was influenced in many ways by the Cold War, despite being officially neutral and not a member of any of the military alliances formed during the period.<\/p>\n                    <p><strong>Military buildup<\/strong>\n                      <br>Sweden undertook a comprehensive military buildup during the Cold War. There was a need to strengthen its defense capabilities to meet potential threats from the Soviet Union and its allies. Sweden developed a strong defense industry and a general conscription system\n                      <br>A large preparedness organization was built up that could be mobilized in the event of a war.\n                      <br>\n                      <br><strong>Foreign policy<\/strong>\n                      <br>Sverige f\u00f6rs\u00f6kte bibeh\u00e5lla en neutral position, och anstr\u00e4ngde sig f\u00f6r att bygga upp goda relationer med b\u00e5de USA och Sovjetunionen. Sverige hade ett n\u00e4ra samarbete med Finland, som ocks\u00e5 var neutralt. De jobbade tillsammans f\u00f6r\n                      att fr\u00e4mja fred och stabilitet i regionen.&nbsp;\n                      <br>\n                      <br><strong>Peacekeeping<\/strong>\n                      <br>F\u00f6rutom sitt arbete med att bevara freden i n\u00e4romr\u00e5det, engagerade Sverige sig aktivt i internationella fredsbevarande operationer. Sverige skickade fredsbevarande styrkor till olika delar av v\u00e4rlden f\u00f6r att fr\u00e4mja fred och stabilitet.\n                      De svenska trupperna hade gott rykte, och var k\u00e4nda f\u00f6r sin h\u00f6ga kvalitet och kompetens. Soldaterna bidrog p\u00e5 plats med utveckling och humanit\u00e4ra insatser.<\/p>\n                    <p><strong>Concerns<\/strong>\n                      <br>During this period, Sweden's concerns were mainly focused on two areas: the risk of being drawn into conflict with the Soviet Union, and the threat of nuclear war.&nbsp;\n                      <br>P\u00e5 grund av kalla krigets spionarbete (b\u00e5de fr\u00e5n USA och Sovjet), lade Sverige s\u00e4kerhetsniv\u00e5n h\u00f6gt. Vi hade strikta regler f\u00f6r att skydda k\u00e4nslig information. Vissa geografiska zoner var milit\u00e4ra skyddsomr\u00e5den, och \u00e4ven om utl\u00e4nningar\n                      fick passera via till exempel E4an, fick de inte stanna till.&nbsp;<\/p>\n                  <\/div>\n                <\/div>\n              <\/div>\n            <\/div>\n          <\/div>\n        <\/div>\n      <\/div>\n      <div data-colibri-id=\"1601-c14\" class=\"h-row-container gutters-row-lg-0 gutters-row-md-0 gutters-row-0 gutters-row-v-lg-0 gutters-row-v-md-0 gutters-row-v-0 style-1395 style-local-1601-c14 position-relative\">\n        <!---->\n        <div class=\"h-row justify-content-lg-center justify-content-md-center justify-content-center align-items-lg-stretch align-items-md-stretch align-items-stretch gutters-col-lg-0 gutters-col-md-0 gutters-col-0 gutters-col-v-lg-0 gutters-col-v-md-0 gutters-col-v-0\">\n          <!---->\n          <div class=\"h-column h-column-container d-flex h-col-lg-12 h-col-md-12 h-col-12 style-1401-outer style-local-1601-c15-outer\">\n            <div data-colibri-id=\"1601-c15\" class=\"d-flex h-flex-basis h-column__inner h-ui-empty-state-container h-px-lg-0 h-px-md-0 h-px-0 v-inner-lg-0 v-inner-md-0 v-inner-0 style-1401 style-local-1601-c15 position-relative\">\n              <!---->\n              <!---->\n              <div class=\"w-100 h-y-container h-column__content h-column__v-align flex-basis-100\">\n                <!---->\n              <\/div>\n            <\/div>\n          <\/div>\n        <\/div>\n      <\/div>\n    <\/div>\n  <\/div>\n<\/div>","protected":false},"excerpt":{"rendered":"<p>Kalla kriget Under slutet av andra v\u00e4rldskriget, till i b\u00f6rjan av 1990-talet, uppstod en intensiv period av sp\u00e4nning och rivalitet mellan USA och Sovjetunionen. Denna period kallades kalla kriget.&nbsp; Varf\u00f6r? F\u00f6renklat var anledningen till konflikten var ideologiska och politiska skillnader, d\u00e4r USA och dess allierade f\u00f6respr\u00e5kade kapitalism, demokrati och frihet. Sovjetunionen och deras allierade f\u00f6respr\u00e5kade [&hellip;]<\/p>\n","protected":false},"author":1,"featured_media":0,"parent":0,"menu_order":0,"comment_status":"closed","ping_status":"closed","template":"page-templates\/full-width-page.php","meta":{"_kadence_starter_templates_imported_post":false,"footnotes":""},"class_list":["post-1601","page","type-page","status-publish","hentry"],"yoast_head":"<!-- This site is optimized with the Yoast SEO plugin v27.5 - https:\/\/yoast.com\/product\/yoast-seo-wordpress\/ -->\n<title>Kalla kriget - Kalixlinjens museum<\/title>\n<meta name=\"robots\" content=\"index, follow, max-snippet:-1, max-image-preview:large, max-video-preview:-1\" \/>\n<link rel=\"canonical\" href=\"https:\/\/kalixlinjen.se\/en\/kalla-kriget\/\" \/>\n<meta property=\"og:locale\" content=\"en_GB\" \/>\n<meta property=\"og:type\" content=\"article\" \/>\n<meta property=\"og:title\" content=\"Kalla kriget - Kalixlinjens museum\" \/>\n<meta property=\"og:description\" content=\"Kalla kriget Under slutet av andra v\u00e4rldskriget, till i b\u00f6rjan av 1990-talet, uppstod en intensiv period av sp\u00e4nning och rivalitet mellan USA och Sovjetunionen. Denna period kallades kalla kriget.&nbsp; Varf\u00f6r? F\u00f6renklat var anledningen till konflikten var ideologiska och politiska skillnader, d\u00e4r USA och dess allierade f\u00f6respr\u00e5kade kapitalism, demokrati och frihet. Sovjetunionen och deras allierade f\u00f6respr\u00e5kade [&hellip;]\" \/>\n<meta property=\"og:url\" content=\"https:\/\/kalixlinjen.se\/en\/kalla-kriget\/\" \/>\n<meta property=\"og:site_name\" content=\"Kalixlinjens museum\" \/>\n<meta property=\"article:publisher\" content=\"https:\/\/www.facebook.com\/kalixlinjensmuseum\" \/>\n<meta property=\"article:modified_time\" content=\"2023-05-30T12:43:12+00:00\" \/>\n<meta property=\"og:image\" content=\"https:\/\/kalixlinjen.se\/wp-content\/uploads\/2023\/04\/cropped-cropped-Skarmbild-2023-04-27-092324.png\" \/>\n<meta name=\"twitter:card\" content=\"summary_large_image\" \/>\n<script type=\"application\/ld+json\" class=\"yoast-schema-graph\">{\"@context\":\"https:\\\/\\\/schema.org\",\"@graph\":[{\"@type\":\"WebPage\",\"@id\":\"https:\\\/\\\/kalixlinjen.se\\\/kalla-kriget\\\/\",\"url\":\"https:\\\/\\\/kalixlinjen.se\\\/kalla-kriget\\\/\",\"name\":\"Kalla kriget - Kalixlinjens museum\",\"isPartOf\":{\"@id\":\"https:\\\/\\\/kalixlinjen.se\\\/#website\"},\"primaryImageOfPage\":{\"@id\":\"https:\\\/\\\/kalixlinjen.se\\\/kalla-kriget\\\/#primaryimage\"},\"image\":{\"@id\":\"https:\\\/\\\/kalixlinjen.se\\\/kalla-kriget\\\/#primaryimage\"},\"thumbnailUrl\":\"https:\\\/\\\/kalixlinjen.se\\\/wp-content\\\/uploads\\\/2023\\\/04\\\/cropped-cropped-Skarmbild-2023-04-27-092324.png\",\"datePublished\":\"2023-04-27T06:41:57+00:00\",\"dateModified\":\"2023-05-30T12:43:12+00:00\",\"breadcrumb\":{\"@id\":\"https:\\\/\\\/kalixlinjen.se\\\/kalla-kriget\\\/#breadcrumb\"},\"inLanguage\":\"en-GB\",\"potentialAction\":[{\"@type\":\"ReadAction\",\"target\":[\"https:\\\/\\\/kalixlinjen.se\\\/kalla-kriget\\\/\"]}]},{\"@type\":\"ImageObject\",\"inLanguage\":\"en-GB\",\"@id\":\"https:\\\/\\\/kalixlinjen.se\\\/kalla-kriget\\\/#primaryimage\",\"url\":\"https:\\\/\\\/kalixlinjen.se\\\/wp-content\\\/uploads\\\/2023\\\/04\\\/cropped-cropped-Skarmbild-2023-04-27-092324.png\",\"contentUrl\":\"https:\\\/\\\/kalixlinjen.se\\\/wp-content\\\/uploads\\\/2023\\\/04\\\/cropped-cropped-Skarmbild-2023-04-27-092324.png\"},{\"@type\":\"BreadcrumbList\",\"@id\":\"https:\\\/\\\/kalixlinjen.se\\\/kalla-kriget\\\/#breadcrumb\",\"itemListElement\":[{\"@type\":\"ListItem\",\"position\":1,\"name\":\"Hem\",\"item\":\"https:\\\/\\\/kalixlinjen.se\\\/\"},{\"@type\":\"ListItem\",\"position\":2,\"name\":\"Kalla kriget\"}]},{\"@type\":\"WebSite\",\"@id\":\"https:\\\/\\\/kalixlinjen.se\\\/#website\",\"url\":\"https:\\\/\\\/kalixlinjen.se\\\/\",\"name\":\"Kalixlinjens museum\",\"description\":\"St\u00f6rst och hemligast!\",\"publisher\":{\"@id\":\"https:\\\/\\\/kalixlinjen.se\\\/#organization\"},\"potentialAction\":[{\"@type\":\"SearchAction\",\"target\":{\"@type\":\"EntryPoint\",\"urlTemplate\":\"https:\\\/\\\/kalixlinjen.se\\\/?s={search_term_string}\"},\"query-input\":{\"@type\":\"PropertyValueSpecification\",\"valueRequired\":true,\"valueName\":\"search_term_string\"}}],\"inLanguage\":\"en-GB\"},{\"@type\":\"Organization\",\"@id\":\"https:\\\/\\\/kalixlinjen.se\\\/#organization\",\"name\":\"Kalixlinjens museum\",\"url\":\"https:\\\/\\\/kalixlinjen.se\\\/\",\"logo\":{\"@type\":\"ImageObject\",\"inLanguage\":\"en-GB\",\"@id\":\"https:\\\/\\\/kalixlinjen.se\\\/#\\\/schema\\\/logo\\\/image\\\/\",\"url\":\"https:\\\/\\\/kalixlinjen.se\\\/wp-content\\\/uploads\\\/2022\\\/11\\\/cropped-cropped-cropped-cropped-loggo.png\",\"contentUrl\":\"https:\\\/\\\/kalixlinjen.se\\\/wp-content\\\/uploads\\\/2022\\\/11\\\/cropped-cropped-cropped-cropped-loggo.png\",\"width\":512,\"height\":512,\"caption\":\"Kalixlinjens museum\"},\"image\":{\"@id\":\"https:\\\/\\\/kalixlinjen.se\\\/#\\\/schema\\\/logo\\\/image\\\/\"},\"sameAs\":[\"https:\\\/\\\/www.facebook.com\\\/kalixlinjensmuseum\",\"https:\\\/\\\/www.instagram.com\\\/kalixlinjens_museum\\\/\"]}]}<\/script>\n<!-- \/ Yoast SEO plugin. -->","yoast_head_json":{"title":"Kalla kriget - Kalixlinjens museum","robots":{"index":"index","follow":"follow","max-snippet":"max-snippet:-1","max-image-preview":"max-image-preview:large","max-video-preview":"max-video-preview:-1"},"canonical":"https:\/\/kalixlinjen.se\/en\/kalla-kriget\/","og_locale":"en_GB","og_type":"article","og_title":"Kalla kriget - Kalixlinjens museum","og_description":"Kalla kriget Under slutet av andra v\u00e4rldskriget, till i b\u00f6rjan av 1990-talet, uppstod en intensiv period av sp\u00e4nning och rivalitet mellan USA och Sovjetunionen. Denna period kallades kalla kriget.&nbsp; Varf\u00f6r? F\u00f6renklat var anledningen till konflikten var ideologiska och politiska skillnader, d\u00e4r USA och dess allierade f\u00f6respr\u00e5kade kapitalism, demokrati och frihet. Sovjetunionen och deras allierade f\u00f6respr\u00e5kade [&hellip;]","og_url":"https:\/\/kalixlinjen.se\/en\/kalla-kriget\/","og_site_name":"Kalixlinjens museum","article_publisher":"https:\/\/www.facebook.com\/kalixlinjensmuseum","article_modified_time":"2023-05-30T12:43:12+00:00","og_image":[{"url":"https:\/\/kalixlinjen.se\/wp-content\/uploads\/2023\/04\/cropped-cropped-Skarmbild-2023-04-27-092324.png","type":"","width":"","height":""}],"twitter_card":"summary_large_image","schema":{"@context":"https:\/\/schema.org","@graph":[{"@type":"WebPage","@id":"https:\/\/kalixlinjen.se\/kalla-kriget\/","url":"https:\/\/kalixlinjen.se\/kalla-kriget\/","name":"Kalla kriget - Kalixlinjens museum","isPartOf":{"@id":"https:\/\/kalixlinjen.se\/#website"},"primaryImageOfPage":{"@id":"https:\/\/kalixlinjen.se\/kalla-kriget\/#primaryimage"},"image":{"@id":"https:\/\/kalixlinjen.se\/kalla-kriget\/#primaryimage"},"thumbnailUrl":"https:\/\/kalixlinjen.se\/wp-content\/uploads\/2023\/04\/cropped-cropped-Skarmbild-2023-04-27-092324.png","datePublished":"2023-04-27T06:41:57+00:00","dateModified":"2023-05-30T12:43:12+00:00","breadcrumb":{"@id":"https:\/\/kalixlinjen.se\/kalla-kriget\/#breadcrumb"},"inLanguage":"en-GB","potentialAction":[{"@type":"ReadAction","target":["https:\/\/kalixlinjen.se\/kalla-kriget\/"]}]},{"@type":"ImageObject","inLanguage":"en-GB","@id":"https:\/\/kalixlinjen.se\/kalla-kriget\/#primaryimage","url":"https:\/\/kalixlinjen.se\/wp-content\/uploads\/2023\/04\/cropped-cropped-Skarmbild-2023-04-27-092324.png","contentUrl":"https:\/\/kalixlinjen.se\/wp-content\/uploads\/2023\/04\/cropped-cropped-Skarmbild-2023-04-27-092324.png"},{"@type":"BreadcrumbList","@id":"https:\/\/kalixlinjen.se\/kalla-kriget\/#breadcrumb","itemListElement":[{"@type":"ListItem","position":1,"name":"Hem","item":"https:\/\/kalixlinjen.se\/"},{"@type":"ListItem","position":2,"name":"Kalla kriget"}]},{"@type":"WebSite","@id":"https:\/\/kalixlinjen.se\/#website","url":"https:\/\/kalixlinjen.se\/","name":"The Kalix line museum","description":"St\u00f6rst och hemligast!","publisher":{"@id":"https:\/\/kalixlinjen.se\/#organization"},"potentialAction":[{"@type":"SearchAction","target":{"@type":"EntryPoint","urlTemplate":"https:\/\/kalixlinjen.se\/?s={search_term_string}"},"query-input":{"@type":"PropertyValueSpecification","valueRequired":true,"valueName":"search_term_string"}}],"inLanguage":"en-GB"},{"@type":"Organization","@id":"https:\/\/kalixlinjen.se\/#organization","name":"The Kalix line museum","url":"https:\/\/kalixlinjen.se\/","logo":{"@type":"ImageObject","inLanguage":"en-GB","@id":"https:\/\/kalixlinjen.se\/#\/schema\/logo\/image\/","url":"https:\/\/kalixlinjen.se\/wp-content\/uploads\/2022\/11\/cropped-cropped-cropped-cropped-loggo.png","contentUrl":"https:\/\/kalixlinjen.se\/wp-content\/uploads\/2022\/11\/cropped-cropped-cropped-cropped-loggo.png","width":512,"height":512,"caption":"Kalixlinjens museum"},"image":{"@id":"https:\/\/kalixlinjen.se\/#\/schema\/logo\/image\/"},"sameAs":["https:\/\/www.facebook.com\/kalixlinjensmuseum","https:\/\/www.instagram.com\/kalixlinjens_museum\/"]}]}},"_links":{"self":[{"href":"https:\/\/kalixlinjen.se\/en\/wp-json\/wp\/v2\/pages\/1601","targetHints":{"allow":["GET"]}}],"collection":[{"href":"https:\/\/kalixlinjen.se\/en\/wp-json\/wp\/v2\/pages"}],"about":[{"href":"https:\/\/kalixlinjen.se\/en\/wp-json\/wp\/v2\/types\/page"}],"author":[{"embeddable":true,"href":"https:\/\/kalixlinjen.se\/en\/wp-json\/wp\/v2\/users\/1"}],"replies":[{"embeddable":true,"href":"https:\/\/kalixlinjen.se\/en\/wp-json\/wp\/v2\/comments?post=1601"}],"version-history":[{"count":7,"href":"https:\/\/kalixlinjen.se\/en\/wp-json\/wp\/v2\/pages\/1601\/revisions"}],"predecessor-version":[{"id":2967,"href":"https:\/\/kalixlinjen.se\/en\/wp-json\/wp\/v2\/pages\/1601\/revisions\/2967"}],"wp:attachment":[{"href":"https:\/\/kalixlinjen.se\/en\/wp-json\/wp\/v2\/media?parent=1601"}],"curies":[{"name":"wp","href":"https:\/\/api.w.org\/{rel}","templated":true}]}}